
{"id":648,"date":"2024-01-05T12:22:45","date_gmt":"2024-01-05T12:22:45","guid":{"rendered":"https:\/\/lisbonproperty.com\/fr\/portugal\/acores\/"},"modified":"2026-04-30T12:37:43","modified_gmt":"2026-04-30T12:37:43","slug":"acores","status":"publish","type":"portugal","link":"https:\/\/lisbonproperty.com\/fr\/portugal\/acores\/","title":{"rendered":"A\u00e7ores"},"content":{"rendered":"<figure class=\"wp-block-image\"><img src=\"https:\/\/lisbonproperty.com\/fr\/wp-content\/uploads\/2024\/01\/azores-portugal.jpg\" width=\"1200\" height=\"800\" class=\"wp-image-34342\" alt=\"Azores Portugal\" srcset=\"https:\/\/lisbonproperty.com\/fr\/wp-content\/uploads\/2024\/01\/azores-portugal-125x83.jpg 125w, https:\/\/lisbonproperty.com\/fr\/wp-content\/uploads\/2024\/01\/azores-portugal-150x150.jpg 150w, https:\/\/lisbonproperty.com\/fr\/wp-content\/uploads\/2024\/01\/azores-portugal-300x200.jpg 300w, https:\/\/lisbonproperty.com\/fr\/wp-content\/uploads\/2024\/01\/azores-portugal-375x250.jpg 375w, https:\/\/lisbonproperty.com\/fr\/wp-content\/uploads\/2024\/01\/azores-portugal-768x512.jpg 768w, https:\/\/lisbonproperty.com\/fr\/wp-content\/uploads\/2024\/01\/azores-portugal-1200x800.jpg 1200w\" sizes=\"(max-width: 1200px) 100vw, 1200px\" loading=\"eager\" decoding=\"async\" fetchpriority=\"high\"><figcaption>Azores Portugal<\/figcaption><\/figure>\n<h2>R\u00e9gion autonome des A\u00e7ores<\/h2>\n<hr \/>\n<p>La <strong>r\u00e9gion autonome des A\u00e7ores<\/strong> est un archipel situ\u00e9 dans l&#8217;oc\u00e9an Atlantique Nord. Les A\u00e7ores sont connues pour leurs paysages spectaculaires, qui incluent des falaises escarp\u00e9es, des p\u00e2turages verdoyants et <strong>des lacs de crat\u00e8re<\/strong>. Les \u00eeles sont \u00e9galement reconnues pour leur riche vie marine, les possibilit\u00e9s d&#8217;<strong>observation des baleines<\/strong>, les sources chaudes et les activit\u00e9s de plein air comme la randonn\u00e9e et la plong\u00e9e. Les A\u00e7ores sont \u00e9galement r\u00e9put\u00e9es pour leurs produits laitiers, notamment le fromage, et pour leurs plantations d&#8217;ananas. La r\u00e9gion des A\u00e7ores est compos\u00e9e de <strong>neuf \u00eeles volcaniques<\/strong>, divis\u00e9es en trois groupes : Est (<strong>S\u00e3o Miguel<\/strong> et <strong>Santa Maria<\/strong>), Centre (<strong>Terceira<\/strong>, <strong>Graciosa<\/strong>, <strong>S\u00e3o Jorge<\/strong>, <strong>Pico<\/strong> et <strong>Faial<\/strong>) et Ouest (<strong>Flores<\/strong> et <strong>Corvo<\/strong>).<\/p>\n<table class=\"table table-striped\">\n<tbody>\n<tr>\n<th>Groupe d&#8217;\u00celes<\/th>\n<th>Plus Grande Ville<\/th>\n<th>Deuxi\u00e8me Plus Grande Ville<\/th>\n<th>Troisi\u00e8me Plus Grande Ville<\/th>\n<th>Quatri\u00e8me Plus Grande Ville<\/th>\n<\/tr>\n<tr>\n<td>S\u00e3o Miguel<\/td>\n<td>Ponta Delgada<\/td>\n<td>Ribeira Grande<\/td>\n<td>Lagoa<\/td>\n<td>Vila Franca do Campo<\/td>\n<\/tr>\n<tr>\n<td>Terceira<\/td>\n<td>Angra do Hero\u00edsmo<\/td>\n<td>Praia da Vit\u00f3ria<\/td>\n<td>&#8212;<\/td>\n<td>&#8212;<\/td>\n<\/tr>\n<tr>\n<td>Pico, Faial et autres<\/td>\n<td>Horta (Faial)<\/td>\n<td>Madalena (Pico)<\/td>\n<td>Velas (S\u00e3o Jorge)<\/td>\n<td>&#8212;<\/td>\n<\/tr>\n<\/tbody>\n<\/table>\n<h3>A\u00e7ores<\/h3>\n\n    <section class=\"child-locations portugal-locations\">\n        \n        <div class=\"lp-grid\">\n                    <\/div>\n    <\/section>\n\n\n<h3>Les 9 \u00eeles des A\u00e7ores<\/h3>\n\n    <section class=\"child-locations portugal-locations\">\n        \n        <div class=\"lp-grid\">\n                            <article class=\"lp-card\">\n                    <a href=\"https:\/\/lisbonproperty.com\/fr\/portugal\/corvo\/\">\n                                                    <div class=\"lp-card-thumb-placeholder\">\n                                <span>Corvo<\/span>\n                            <\/div>\n                                                <h3>Corvo<\/h3>\n                    <\/a>\n                <\/article>\n                            <article class=\"lp-card\">\n                    <a href=\"https:\/\/lisbonproperty.com\/fr\/portugal\/flores\/\">\n                                                    <div class=\"lp-card-thumb-placeholder\">\n                                <span>Flores<\/span>\n                            <\/div>\n                                                <h3>Flores<\/h3>\n                    <\/a>\n                <\/article>\n                            <article class=\"lp-card\">\n                    <a href=\"https:\/\/lisbonproperty.com\/fr\/portugal\/graciosa\/\">\n                                                    <div class=\"lp-card-thumb-placeholder\">\n                                <span>Graciosa<\/span>\n                            <\/div>\n                                                <h3>Graciosa<\/h3>\n                    <\/a>\n                <\/article>\n                            <article class=\"lp-card\">\n                    <a href=\"https:\/\/lisbonproperty.com\/fr\/portugal\/santa-maria\/\">\n                                                    <div class=\"lp-card-thumb-placeholder\">\n                                <span>Santa Maria<\/span>\n                            <\/div>\n                                                <h3>Santa Maria<\/h3>\n                    <\/a>\n                <\/article>\n                            <article class=\"lp-card\">\n                    <a href=\"https:\/\/lisbonproperty.com\/fr\/portugal\/sao-jorge\/\">\n                                                    <div class=\"lp-card-thumb-placeholder\">\n                                <span>S\u00e3o Jorge<\/span>\n                            <\/div>\n                                                <h3>S\u00e3o Jorge<\/h3>\n                    <\/a>\n                <\/article>\n                            <article class=\"lp-card\">\n                    <a href=\"https:\/\/lisbonproperty.com\/fr\/portugal\/pico\/\">\n                                                    <div class=\"lp-card-thumb-placeholder\">\n                                <span>Pico<\/span>\n                            <\/div>\n                                                <h3>Pico<\/h3>\n                    <\/a>\n                <\/article>\n                            <article class=\"lp-card\">\n                    <a href=\"https:\/\/lisbonproperty.com\/fr\/portugal\/faial\/\">\n                                                    <div class=\"lp-card-thumb-placeholder\">\n                                <span>Faial<\/span>\n                            <\/div>\n                                                <h3>Faial<\/h3>\n                    <\/a>\n                <\/article>\n                            <article class=\"lp-card\">\n                    <a href=\"https:\/\/lisbonproperty.com\/fr\/portugal\/terceira\/\">\n                                                    <div class=\"lp-card-thumb-placeholder\">\n                                <span>Terceira<\/span>\n                            <\/div>\n                                                <h3>Terceira<\/h3>\n                    <\/a>\n                <\/article>\n                            <article class=\"lp-card\">\n                    <a href=\"https:\/\/lisbonproperty.com\/fr\/portugal\/sao-miguel\/\">\n                                                    <div class=\"lp-card-thumb-placeholder\">\n                                <span>S\u00e3o Miguel<\/span>\n                            <\/div>\n                                                <h3>S\u00e3o Miguel<\/h3>\n                    <\/a>\n                <\/article>\n                    <\/div>\n    <\/section>\n\n\n<h2>Autres r\u00e9gions du Portugal<\/h2>\n\n    <section class=\"child-locations portugal-locations\">\n        \n        <div class=\"lp-grid\">\n                            <article class=\"lp-card\">\n                    <a href=\"https:\/\/lisbonproperty.com\/fr\/portugal\/zone-metropolitaine-de-lisbonne\/\">\n                                                    <img src=\"https:\/\/lisbonproperty.com\/fr\/wp-content\/uploads\/2025\/12\/lisbon-metropolitan-area-region-portugal-map-430x293.jpg\" srcset=\"https:\/\/lisbonproperty.com\/fr\/wp-content\/uploads\/2025\/12\/lisbon-metropolitan-area-region-portugal-map-430x293.jpg 1x, https:\/\/lisbonproperty.com\/fr\/wp-content\/uploads\/2025\/12\/lisbon-metropolitan-area-region-portugal-map-880x586.jpg 2x\" sizes=\"(max-width: 480px) 100vw, 430px\" width=\"430\" height=\"293\" class=\"lp-card-thumb\" alt=\"Zone M\u00e9tropolitaine de Lisbonne\" loading=\"lazy\" decoding=\"async\">                                                <h3>Zone M\u00e9tropolitaine de Lisbonne<\/h3>\n                    <\/a>\n                <\/article>\n                            <article class=\"lp-card\">\n                    <a href=\"https:\/\/lisbonproperty.com\/fr\/portugal\/centre-du-portugal\/\">\n                                                    <img src=\"https:\/\/lisbonproperty.com\/fr\/wp-content\/uploads\/2025\/12\/central-region-portugal-map-430x293.jpg\" srcset=\"https:\/\/lisbonproperty.com\/fr\/wp-content\/uploads\/2025\/12\/central-region-portugal-map-430x293.jpg 1x, https:\/\/lisbonproperty.com\/fr\/wp-content\/uploads\/2025\/12\/central-region-portugal-map-880x586.jpg 2x\" sizes=\"(max-width: 480px) 100vw, 430px\" width=\"430\" height=\"293\" class=\"lp-card-thumb\" alt=\"Centre du Portugal\" loading=\"lazy\" decoding=\"async\">                                                <h3>Centre du Portugal<\/h3>\n                    <\/a>\n                <\/article>\n                            <article class=\"lp-card\">\n                    <a href=\"https:\/\/lisbonproperty.com\/fr\/portugal\/nord-du-portugal\/\">\n                                                    <img src=\"https:\/\/lisbonproperty.com\/fr\/wp-content\/uploads\/2025\/12\/north-region-portugal-map-430x293.jpg\" srcset=\"https:\/\/lisbonproperty.com\/fr\/wp-content\/uploads\/2025\/12\/north-region-portugal-map-430x293.jpg 1x, https:\/\/lisbonproperty.com\/fr\/wp-content\/uploads\/2025\/12\/north-region-portugal-map-880x586.jpg 2x\" sizes=\"(max-width: 480px) 100vw, 430px\" width=\"430\" height=\"293\" class=\"lp-card-thumb\" alt=\"Nord du Portugal\" loading=\"lazy\" decoding=\"async\">                                                <h3>Nord du Portugal<\/h3>\n                    <\/a>\n                <\/article>\n                            <article class=\"lp-card\">\n                    <a href=\"https:\/\/lisbonproperty.com\/fr\/portugal\/algarve\/\">\n                                                    <img src=\"https:\/\/lisbonproperty.com\/fr\/wp-content\/uploads\/2025\/12\/algarve-region-portugal-map-430x293.jpg\" srcset=\"https:\/\/lisbonproperty.com\/fr\/wp-content\/uploads\/2025\/12\/algarve-region-portugal-map-430x293.jpg 1x, https:\/\/lisbonproperty.com\/fr\/wp-content\/uploads\/2025\/12\/algarve-region-portugal-map-880x586.jpg 2x\" sizes=\"(max-width: 480px) 100vw, 430px\" width=\"430\" height=\"293\" class=\"lp-card-thumb\" alt=\"Algarve\" loading=\"lazy\" decoding=\"async\">                                                <h3>Algarve<\/h3>\n                    <\/a>\n                <\/article>\n                            <article class=\"lp-card\">\n                    <a href=\"https:\/\/lisbonproperty.com\/fr\/portugal\/alentejo\/\">\n                                                    <img src=\"https:\/\/lisbonproperty.com\/fr\/wp-content\/uploads\/2025\/12\/alentejo-region-portugal-map-430x293.jpg\" srcset=\"https:\/\/lisbonproperty.com\/fr\/wp-content\/uploads\/2025\/12\/alentejo-region-portugal-map-430x293.jpg 1x, https:\/\/lisbonproperty.com\/fr\/wp-content\/uploads\/2025\/12\/alentejo-region-portugal-map-880x586.jpg 2x\" sizes=\"(max-width: 480px) 100vw, 430px\" width=\"430\" height=\"293\" class=\"lp-card-thumb\" alt=\"Alentejo\" loading=\"lazy\" decoding=\"async\">                                                <h3>Alentejo<\/h3>\n                    <\/a>\n                <\/article>\n                            <article class=\"lp-card\">\n                    <a href=\"https:\/\/lisbonproperty.com\/fr\/portugal\/madere\/\">\n                                                    <img src=\"https:\/\/lisbonproperty.com\/fr\/wp-content\/uploads\/2025\/12\/01-town-and-roads-madeira-portugal-map-430x293.jpg\" srcset=\"https:\/\/lisbonproperty.com\/fr\/wp-content\/uploads\/2025\/12\/01-town-and-roads-madeira-portugal-map-430x293.jpg 1x, https:\/\/lisbonproperty.com\/fr\/wp-content\/uploads\/2025\/12\/01-town-and-roads-madeira-portugal-map-880x586.jpg 2x\" sizes=\"(max-width: 480px) 100vw, 430px\" width=\"430\" height=\"293\" class=\"lp-card-thumb\" alt=\"\u00cele de Mad\u00e8re &bull; Cartes et introduction\" loading=\"lazy\" decoding=\"async\">                                                <h3>\u00cele de Mad\u00e8re &bull; Cartes et introduction<\/h3>\n                    <\/a>\n                <\/article>\n                            <article class=\"lp-card\">\n                    <a href=\"https:\/\/lisbonproperty.com\/fr\/portugal\/acores\/\">\n                                                    <img src=\"https:\/\/lisbonproperty.com\/fr\/wp-content\/uploads\/2024\/01\/azores-portugal-430x293.jpg\" srcset=\"https:\/\/lisbonproperty.com\/fr\/wp-content\/uploads\/2024\/01\/azores-portugal-430x293.jpg 1x, https:\/\/lisbonproperty.com\/fr\/wp-content\/uploads\/2024\/01\/azores-portugal-880x586.jpg 2x\" sizes=\"(max-width: 480px) 100vw, 430px\" width=\"430\" height=\"293\" class=\"lp-card-thumb\" alt=\"A\u00e7ores\" loading=\"lazy\" decoding=\"async\">                                                <h3>A\u00e7ores<\/h3>\n                    <\/a>\n                <\/article>\n                    <\/div>\n    <\/section>\n\n\n","protected":false},"featured_media":34342,"parent":0,"menu_order":0,"template":"","meta":[],"class_list":["post-648","portugal","type-portugal","status-publish","has-post-thumbnail","hentry"],"_links":{"self":[{"href":"https:\/\/lisbonproperty.com\/fr\/wp-json\/wp\/v2\/portugal\/648","targetHints":{"allow":["GET"]}}],"collection":[{"href":"https:\/\/lisbonproperty.com\/fr\/wp-json\/wp\/v2\/portugal"}],"about":[{"href":"https:\/\/lisbonproperty.com\/fr\/wp-json\/wp\/v2\/types\/portugal"}],"wp:featuredmedia":[{"embeddable":true,"href":"https:\/\/lisbonproperty.com\/fr\/wp-json\/wp\/v2\/media\/34342"}],"wp:attachment":[{"href":"https:\/\/lisbonproperty.com\/fr\/wp-json\/wp\/v2\/media?parent=648"}],"curies":[{"name":"wp","href":"https:\/\/api.w.org\/{rel}","templated":true}]}}