
{"id":633,"date":"2024-01-08T18:31:38","date_gmt":"2024-01-08T18:31:38","guid":{"rendered":"https:\/\/lisbonproperty.com\/fr\/portugal\/zone-metropolitaine-de-lisbonne\/"},"modified":"2026-04-30T12:37:43","modified_gmt":"2026-04-30T12:37:43","slug":"zone-metropolitaine-de-lisbonne","status":"publish","type":"portugal","link":"https:\/\/lisbonproperty.com\/fr\/portugal\/zone-metropolitaine-de-lisbonne\/","title":{"rendered":"Zone M\u00e9tropolitaine de Lisbonne"},"content":{"rendered":"<figure class=\"wp-block-image\"><img src=\"https:\/\/lisbonproperty.com\/fr\/wp-content\/uploads\/2025\/12\/lisbon-metropolitan-area-region-portugal-map.jpg\" width=\"1200\" height=\"849\" class=\"wp-image-634\" alt=\"La r\u00e9gion de Lisbonne est connue sous le nom de zone m\u00e9tropolitaine de Lisbonne. Elle est compos\u00e9e de deux sous-r\u00e9gions, le Grand Lisbonne et la p\u00e9ninsule de Set\u00fabal.\" srcset=\"https:\/\/lisbonproperty.com\/fr\/wp-content\/uploads\/2025\/12\/lisbon-metropolitan-area-region-portugal-map-125x83.jpg 125w, https:\/\/lisbonproperty.com\/fr\/wp-content\/uploads\/2025\/12\/lisbon-metropolitan-area-region-portugal-map-150x150.jpg 150w, https:\/\/lisbonproperty.com\/fr\/wp-content\/uploads\/2025\/12\/lisbon-metropolitan-area-region-portugal-map-300x212.jpg 300w, https:\/\/lisbonproperty.com\/fr\/wp-content\/uploads\/2025\/12\/lisbon-metropolitan-area-region-portugal-map-430x293.jpg 430w, https:\/\/lisbonproperty.com\/fr\/wp-content\/uploads\/2025\/12\/lisbon-metropolitan-area-region-portugal-map-768x543.jpg 768w, https:\/\/lisbonproperty.com\/fr\/wp-content\/uploads\/2025\/12\/lisbon-metropolitan-area-region-portugal-map-880x586.jpg 880w, https:\/\/lisbonproperty.com\/fr\/wp-content\/uploads\/2025\/12\/lisbon-metropolitan-area-region-portugal-map-1200x849.jpg 1200w\" sizes=\"(max-width: 1200px) 100vw, 1200px\" loading=\"eager\" decoding=\"async\" fetchpriority=\"high\"><figcaption>La r\u00e9gion de Lisbonne est connue sous le nom de zone m\u00e9tropolitaine de Lisbonne. Elle est compos\u00e9e de deux sous-r\u00e9gions, le Grand Lisbonne et la p\u00e9ninsule de Set\u00fabal.<\/figcaption><\/figure>\n<h2>AML &#8211; Zone M\u00e9tropolitaine de Lisbonne \u2022 Portugal<\/h2>\n<hr \/>\n<p>La <strong>Zone M\u00e9tropolitaine de Lisbonne<\/strong> (AML) est une grande r\u00e9gion centr\u00e9e autour de Lisbonne, la capitale et la plus grande ville du Portugal. Elle est d&#8217;une importance consid\u00e9rable en taille \u2013 c&#8217;est en fait <strong>la plus grande zone urbaine du Portugal<\/strong> et se classe comme la 10e plus grande de l&#8217;Union Europ\u00e9enne. L&#8217;AML comprend un <strong>total de 18 municipalit\u00e9s<\/strong>, couvrant ainsi de nombreux quartiers ou villes diff\u00e9rents, avec une population totale de 2,8 millions d&#8217;habitants. La superficie totale de la r\u00e9gion est d&#8217;environ 3 015 kilom\u00e8tres carr\u00e9s. Pour vous donner une id\u00e9e, cela repr\u00e9sente environ 65 kilom\u00e8tres d&#8217;un bout \u00e0 l&#8217;autre \u00e0 son point le plus long.<\/p>\n<blockquote><p>La r\u00e9gion de l&#8217;<strong>AML<\/strong> se compose de <strong>deux parties principales<\/strong> :<\/p>\n<ol>\n<li>la <strong>Grand Lisbonne<\/strong> sur le c\u00f4t\u00e9 nord du fleuve Tage, <strong>et <\/strong><\/li>\n<li>la <strong>P\u00e9ninsule de Set\u00fabal<\/strong> sur le c\u00f4t\u00e9 sud du fleuve.<\/li>\n<\/ol>\n<\/blockquote>\n<h3>Zones de la R\u00e9gion M\u00e9tropolitaine de Lisbonne<\/h3>\n\n    <section class=\"child-locations portugal-locations\">\n        \n        <div class=\"lp-grid\">\n                            <article class=\"lp-card\">\n                    <a href=\"https:\/\/lisbonproperty.com\/fr\/portugal\/grand-lisbonne\/\">\n                                                    <div class=\"lp-card-thumb-placeholder\">\n                                <span>Grand Lisbonne<\/span>\n                            <\/div>\n                                                <h3>Grand Lisbonne<\/h3>\n                    <\/a>\n                <\/article>\n                            <article class=\"lp-card\">\n                    <a href=\"https:\/\/lisbonproperty.com\/fr\/portugal\/peninsule-de-setubal\/\">\n                                                    <div class=\"lp-card-thumb-placeholder\">\n                                <span>P\u00e9ninsule de Set\u00fabal<\/span>\n                            <\/div>\n                                                <h3>P\u00e9ninsule de Set\u00fabal<\/h3>\n                    <\/a>\n                <\/article>\n                    <\/div>\n    <\/section>\n\n\n<h3>Grand Lisbonne<\/h3>\n<p>La <strong>Grand Lisbonne<\/strong>, qui fait partie de la Zone M\u00e9tropolitaine de Lisbonne, comprend sp\u00e9cifiquement <strong>neuf municipalit\u00e9s<\/strong>. Toutes sont <strong>situ\u00e9es au nord du fleuve Tage<\/strong>. En termes de population, en commen\u00e7ant par la plus peupl\u00e9e, dans l&#8217;ordre d\u00e9croissant, voici les municipalit\u00e9s :<\/p>\n<ol>\n<li><strong>Lisbonne :<\/strong> La capitale elle-m\u00eame compte environ 550 000 habitants. C&#8217;est la ville la plus anim\u00e9e du Portugal.<\/li>\n<li><strong>Sintra :<\/strong> Connue pour ses sites historiques et ses paysages pittoresques.<\/li>\n<li><strong>Cascais :<\/strong> Une ville c\u00f4ti\u00e8re c\u00e9l\u00e8bre pour ses plages et son attrait touristique.<\/li>\n<li><strong>Loures :<\/strong> R\u00e9put\u00e9e pour ses zones industrielles et commerciales.<\/li>\n<li><strong>Amadora :<\/strong> Une municipalit\u00e9 dens\u00e9ment peupl\u00e9e aux caract\u00e9ristiques urbaines.<\/li>\n<li><strong>Oeiras :<\/strong> Connue pour ses parcs d&#8217;affaires et son haut niveau de vie.<\/li>\n<li><strong>Odivelas :<\/strong> Une zone r\u00e9sidentielle \u00e0 la population croissante.<\/li>\n<li><strong>Vila Franca de Xira :<\/strong> Une municipalit\u00e9 m\u00e9langeant zones urbaines et rurales.<\/li>\n<li><strong>Mafra :<\/strong> C\u00e9l\u00e8bre pour son palais historique et son charme rural.<\/li>\n<\/ol>\n<h4>Municipalit\u00e9s du Grand Lisbonne<\/h4>\n\n    <section class=\"child-locations portugal-locations\">\n        \n        <div class=\"lp-grid\">\n                            <article class=\"lp-card\">\n                    <a href=\"https:\/\/lisbonproperty.com\/fr\/portugal\/lisbonne\/\">\n                                                    <img src=\"https:\/\/lisbonproperty.com\/fr\/wp-content\/uploads\/2025\/12\/lisbon-portugal-city-map-430x293.jpg\" srcset=\"https:\/\/lisbonproperty.com\/fr\/wp-content\/uploads\/2025\/12\/lisbon-portugal-city-map-430x293.jpg 1x, https:\/\/lisbonproperty.com\/fr\/wp-content\/uploads\/2025\/12\/lisbon-portugal-city-map-880x586.jpg 2x\" sizes=\"(max-width: 480px) 100vw, 430px\" width=\"430\" height=\"293\" class=\"lp-card-thumb\" alt=\"Lisbonne\" loading=\"lazy\" decoding=\"async\">                                                <h3>Lisbonne<\/h3>\n                    <\/a>\n                <\/article>\n                            <article class=\"lp-card\">\n                    <a href=\"https:\/\/lisbonproperty.com\/fr\/portugal\/sintra\/\">\n                                                    <img src=\"https:\/\/lisbonproperty.com\/fr\/wp-content\/uploads\/2025\/12\/01-sintra-portugal-430x293.jpg\" srcset=\"https:\/\/lisbonproperty.com\/fr\/wp-content\/uploads\/2025\/12\/01-sintra-portugal-430x293.jpg 1x, https:\/\/lisbonproperty.com\/fr\/wp-content\/uploads\/2025\/12\/01-sintra-portugal-880x586.jpg 2x\" sizes=\"(max-width: 480px) 100vw, 430px\" width=\"430\" height=\"293\" class=\"lp-card-thumb\" alt=\"Sintra\" loading=\"lazy\" decoding=\"async\">                                                <h3>Sintra<\/h3>\n                    <\/a>\n                <\/article>\n                            <article class=\"lp-card\">\n                    <a href=\"https:\/\/lisbonproperty.com\/fr\/portugal\/cascais\/\">\n                                                    <img src=\"https:\/\/lisbonproperty.com\/fr\/wp-content\/uploads\/2025\/12\/03-map-cascais-portugal-attractions-430x293.jpg\" srcset=\"https:\/\/lisbonproperty.com\/fr\/wp-content\/uploads\/2025\/12\/03-map-cascais-portugal-attractions-430x293.jpg 1x, https:\/\/lisbonproperty.com\/fr\/wp-content\/uploads\/2025\/12\/03-map-cascais-portugal-attractions-880x586.jpg 2x\" sizes=\"(max-width: 480px) 100vw, 430px\" width=\"430\" height=\"293\" class=\"lp-card-thumb\" alt=\"Cascais\" loading=\"lazy\" decoding=\"async\">                                                <h3>Cascais<\/h3>\n                    <\/a>\n                <\/article>\n                            <article class=\"lp-card\">\n                    <a href=\"https:\/\/lisbonproperty.com\/fr\/portugal\/loures\/\">\n                                                    <div class=\"lp-card-thumb-placeholder\">\n                                <span>Loures<\/span>\n                            <\/div>\n                                                <h3>Loures<\/h3>\n                    <\/a>\n                <\/article>\n                            <article class=\"lp-card\">\n                    <a href=\"https:\/\/lisbonproperty.com\/fr\/portugal\/amadora\/\">\n                                                    <div class=\"lp-card-thumb-placeholder\">\n                                <span>Amadora<\/span>\n                            <\/div>\n                                                <h3>Amadora<\/h3>\n                    <\/a>\n                <\/article>\n                            <article class=\"lp-card\">\n                    <a href=\"https:\/\/lisbonproperty.com\/fr\/portugal\/oeiras\/\">\n                                                    <div class=\"lp-card-thumb-placeholder\">\n                                <span>Oeiras<\/span>\n                            <\/div>\n                                                <h3>Oeiras<\/h3>\n                    <\/a>\n                <\/article>\n                            <article class=\"lp-card\">\n                    <a href=\"https:\/\/lisbonproperty.com\/fr\/portugal\/odivelas\/\">\n                                                    <div class=\"lp-card-thumb-placeholder\">\n                                <span>Odivelas<\/span>\n                            <\/div>\n                                                <h3>Odivelas<\/h3>\n                    <\/a>\n                <\/article>\n                            <article class=\"lp-card\">\n                    <a href=\"https:\/\/lisbonproperty.com\/fr\/portugal\/vila-franca-de-xira\/\">\n                                                    <div class=\"lp-card-thumb-placeholder\">\n                                <span>Vila Franca de Xira<\/span>\n                            <\/div>\n                                                <h3>Vila Franca de Xira<\/h3>\n                    <\/a>\n                <\/article>\n                            <article class=\"lp-card\">\n                    <a href=\"https:\/\/lisbonproperty.com\/fr\/portugal\/mafra\/\">\n                                                    <div class=\"lp-card-thumb-placeholder\">\n                                <span>Mafra<\/span>\n                            <\/div>\n                                                <h3>Mafra<\/h3>\n                    <\/a>\n                <\/article>\n                    <\/div>\n    <\/section>\n\n\n<h3>P\u00e9ninsule de Set\u00fabal<\/h3>\n<p>La <strong>P\u00e9ninsule de Set\u00fabal<\/strong> forme la seconde partie de la Zone M\u00e9tropolitaine de Lisbonne, avec <strong>9 autres municipalit\u00e9s situ\u00e9es au sud du fleuve Tage<\/strong>. Voici les municipalit\u00e9s de la P\u00e9ninsule de Set\u00fabal, list\u00e9es de la plus peupl\u00e9e \u00e0 la moins peupl\u00e9e :<\/p>\n<ol start=\"10\">\n<li><strong>Almada :<\/strong> Particuli\u00e8rement connue pour la statue du Cristo Rei, similaire au Christ R\u00e9dempteur de Rio de Janeiro, et offrant des vues spectaculaires sur Lisbonne.<\/li>\n<li><strong>Seixal :<\/strong> Cette municipalit\u00e9 allie zones industrielles et r\u00e9sidentielles, avec un front de mer important le long du Tage.<\/li>\n<li><strong>Set\u00fabal :<\/strong> Une ville majeure de cette r\u00e9gion, connue pour son industrie de la p\u00eache, ses parcs naturels et ses magnifiques plages.<\/li>\n<li><strong>Barreiro :<\/strong> Historiquement un p\u00f4le industriel, elle \u00e9volue d\u00e9sormais vers plus de d\u00e9veloppements r\u00e9sidentiels et commerciaux.<\/li>\n<li><strong>Moita :<\/strong> Connue pour ses festivals traditionnels de tauromachie et ses activit\u00e9s en bord de rivi\u00e8re.<\/li>\n<li><strong>Palmela :<\/strong> C\u00e9l\u00e8bre pour son ch\u00e2teau, ses vignobles et ses paysages pittoresques.<\/li>\n<li><strong>Montijo :<\/strong> Cette zone combine des cadres urbains et ruraux, avec une communaut\u00e9 r\u00e9sidentielle en croissance.<\/li>\n<li><strong>Sesimbra :<\/strong> Une destination touristique pris\u00e9e, connue pour ses plages, ses restaurants de fruits de mer et son ch\u00e2teau m\u00e9di\u00e9val.<\/li>\n<li><strong>Alcochete :<\/strong> R\u00e9put\u00e9e pour ses marais salants traditionnels, son centre commercial Freeport et ses r\u00e9serves naturelles.<\/li>\n<\/ol>\n<h4>Set\u00fabal Peninsula Municipalities<\/h4>\n\n    <section class=\"child-locations portugal-locations\">\n        \n        <div class=\"lp-grid\">\n                            <article class=\"lp-card\">\n                    <a href=\"https:\/\/lisbonproperty.com\/fr\/portugal\/almada\/\">\n                                                    <img src=\"https:\/\/lisbonproperty.com\/fr\/wp-content\/uploads\/2025\/12\/christ-the-king-almada-portugal-430x293.jpg\" srcset=\"https:\/\/lisbonproperty.com\/fr\/wp-content\/uploads\/2025\/12\/christ-the-king-almada-portugal-430x293.jpg 1x, https:\/\/lisbonproperty.com\/fr\/wp-content\/uploads\/2025\/12\/christ-the-king-almada-portugal-880x586.jpg 2x\" sizes=\"(max-width: 480px) 100vw, 430px\" width=\"430\" height=\"293\" class=\"lp-card-thumb\" alt=\"Almada\" loading=\"lazy\" decoding=\"async\">                                                <h3>Almada<\/h3>\n                    <\/a>\n                <\/article>\n                            <article class=\"lp-card\">\n                    <a href=\"https:\/\/lisbonproperty.com\/fr\/portugal\/seixal\/\">\n                                                    <div class=\"lp-card-thumb-placeholder\">\n                                <span>Seixal<\/span>\n                            <\/div>\n                                                <h3>Seixal<\/h3>\n                    <\/a>\n                <\/article>\n                            <article class=\"lp-card\">\n                    <a href=\"https:\/\/lisbonproperty.com\/fr\/portugal\/setubal\/\">\n                                                    <img src=\"https:\/\/lisbonproperty.com\/fr\/wp-content\/uploads\/2025\/12\/setubal-portugal-430x293.jpg\" srcset=\"https:\/\/lisbonproperty.com\/fr\/wp-content\/uploads\/2025\/12\/setubal-portugal-430x293.jpg 1x, https:\/\/lisbonproperty.com\/fr\/wp-content\/uploads\/2025\/12\/setubal-portugal-880x586.jpg 2x\" sizes=\"(max-width: 480px) 100vw, 430px\" width=\"430\" height=\"293\" class=\"lp-card-thumb\" alt=\"Set\u00fabal\" loading=\"lazy\" decoding=\"async\">                                                <h3>Set\u00fabal<\/h3>\n                    <\/a>\n                <\/article>\n                            <article class=\"lp-card\">\n                    <a href=\"https:\/\/lisbonproperty.com\/fr\/portugal\/barreiro\/\">\n                                                    <div class=\"lp-card-thumb-placeholder\">\n                                <span>Barreiro<\/span>\n                            <\/div>\n                                                <h3>Barreiro<\/h3>\n                    <\/a>\n                <\/article>\n                            <article class=\"lp-card\">\n                    <a href=\"https:\/\/lisbonproperty.com\/fr\/portugal\/moita\/\">\n                                                    <div class=\"lp-card-thumb-placeholder\">\n                                <span>Moita<\/span>\n                            <\/div>\n                                                <h3>Moita<\/h3>\n                    <\/a>\n                <\/article>\n                            <article class=\"lp-card\">\n                    <a href=\"https:\/\/lisbonproperty.com\/fr\/portugal\/palmela\/\">\n                                                    <div class=\"lp-card-thumb-placeholder\">\n                                <span>Palmela<\/span>\n                            <\/div>\n                                                <h3>Palmela<\/h3>\n                    <\/a>\n                <\/article>\n                            <article class=\"lp-card\">\n                    <a href=\"https:\/\/lisbonproperty.com\/fr\/portugal\/montijo\/\">\n                                                    <div class=\"lp-card-thumb-placeholder\">\n                                <span>Montijo<\/span>\n                            <\/div>\n                                                <h3>Montijo<\/h3>\n                    <\/a>\n                <\/article>\n                            <article class=\"lp-card\">\n                    <a href=\"https:\/\/lisbonproperty.com\/fr\/portugal\/sesimbra\/\">\n                                                    <div class=\"lp-card-thumb-placeholder\">\n                                <span>Sesimbra<\/span>\n                            <\/div>\n                                                <h3>Sesimbra<\/h3>\n                    <\/a>\n                <\/article>\n                            <article class=\"lp-card\">\n                    <a href=\"https:\/\/lisbonproperty.com\/fr\/portugal\/alcochete\/\">\n                                                    <div class=\"lp-card-thumb-placeholder\">\n                                <span>Alcochete<\/span>\n                            <\/div>\n                                                <h3>Alcochete<\/h3>\n                    <\/a>\n                <\/article>\n                    <\/div>\n    <\/section>\n\n\n<h2>Other Regions of Portugal<\/h2>\n\n    <section class=\"child-locations portugal-locations\">\n        \n        <div class=\"lp-grid\">\n                            <article class=\"lp-card\">\n                    <a href=\"https:\/\/lisbonproperty.com\/fr\/portugal\/zone-metropolitaine-de-lisbonne\/\">\n                                                    <img src=\"https:\/\/lisbonproperty.com\/fr\/wp-content\/uploads\/2025\/12\/lisbon-metropolitan-area-region-portugal-map-430x293.jpg\" srcset=\"https:\/\/lisbonproperty.com\/fr\/wp-content\/uploads\/2025\/12\/lisbon-metropolitan-area-region-portugal-map-430x293.jpg 1x, https:\/\/lisbonproperty.com\/fr\/wp-content\/uploads\/2025\/12\/lisbon-metropolitan-area-region-portugal-map-880x586.jpg 2x\" sizes=\"(max-width: 480px) 100vw, 430px\" width=\"430\" height=\"293\" class=\"lp-card-thumb\" alt=\"Zone M\u00e9tropolitaine de Lisbonne\" loading=\"lazy\" decoding=\"async\">                                                <h3>Zone M\u00e9tropolitaine de Lisbonne<\/h3>\n                    <\/a>\n                <\/article>\n                            <article class=\"lp-card\">\n                    <a href=\"https:\/\/lisbonproperty.com\/fr\/portugal\/centre-du-portugal\/\">\n                                                    <img src=\"https:\/\/lisbonproperty.com\/fr\/wp-content\/uploads\/2025\/12\/central-region-portugal-map-430x293.jpg\" srcset=\"https:\/\/lisbonproperty.com\/fr\/wp-content\/uploads\/2025\/12\/central-region-portugal-map-430x293.jpg 1x, https:\/\/lisbonproperty.com\/fr\/wp-content\/uploads\/2025\/12\/central-region-portugal-map-880x586.jpg 2x\" sizes=\"(max-width: 480px) 100vw, 430px\" width=\"430\" height=\"293\" class=\"lp-card-thumb\" alt=\"Centre du Portugal\" loading=\"lazy\" decoding=\"async\">                                                <h3>Centre du Portugal<\/h3>\n                    <\/a>\n                <\/article>\n                            <article class=\"lp-card\">\n                    <a href=\"https:\/\/lisbonproperty.com\/fr\/portugal\/nord-du-portugal\/\">\n                                                    <img src=\"https:\/\/lisbonproperty.com\/fr\/wp-content\/uploads\/2025\/12\/north-region-portugal-map-430x293.jpg\" srcset=\"https:\/\/lisbonproperty.com\/fr\/wp-content\/uploads\/2025\/12\/north-region-portugal-map-430x293.jpg 1x, https:\/\/lisbonproperty.com\/fr\/wp-content\/uploads\/2025\/12\/north-region-portugal-map-880x586.jpg 2x\" sizes=\"(max-width: 480px) 100vw, 430px\" width=\"430\" height=\"293\" class=\"lp-card-thumb\" alt=\"Nord du Portugal\" loading=\"lazy\" decoding=\"async\">                                                <h3>Nord du Portugal<\/h3>\n                    <\/a>\n                <\/article>\n                            <article class=\"lp-card\">\n                    <a href=\"https:\/\/lisbonproperty.com\/fr\/portugal\/algarve\/\">\n                                                    <img src=\"https:\/\/lisbonproperty.com\/fr\/wp-content\/uploads\/2025\/12\/algarve-region-portugal-map-430x293.jpg\" srcset=\"https:\/\/lisbonproperty.com\/fr\/wp-content\/uploads\/2025\/12\/algarve-region-portugal-map-430x293.jpg 1x, https:\/\/lisbonproperty.com\/fr\/wp-content\/uploads\/2025\/12\/algarve-region-portugal-map-880x586.jpg 2x\" sizes=\"(max-width: 480px) 100vw, 430px\" width=\"430\" height=\"293\" class=\"lp-card-thumb\" alt=\"Algarve\" loading=\"lazy\" decoding=\"async\">                                                <h3>Algarve<\/h3>\n                    <\/a>\n                <\/article>\n                            <article class=\"lp-card\">\n                    <a href=\"https:\/\/lisbonproperty.com\/fr\/portugal\/alentejo\/\">\n                                                    <img src=\"https:\/\/lisbonproperty.com\/fr\/wp-content\/uploads\/2025\/12\/alentejo-region-portugal-map-430x293.jpg\" srcset=\"https:\/\/lisbonproperty.com\/fr\/wp-content\/uploads\/2025\/12\/alentejo-region-portugal-map-430x293.jpg 1x, https:\/\/lisbonproperty.com\/fr\/wp-content\/uploads\/2025\/12\/alentejo-region-portugal-map-880x586.jpg 2x\" sizes=\"(max-width: 480px) 100vw, 430px\" width=\"430\" height=\"293\" class=\"lp-card-thumb\" alt=\"Alentejo\" loading=\"lazy\" decoding=\"async\">                                                <h3>Alentejo<\/h3>\n                    <\/a>\n                <\/article>\n                            <article class=\"lp-card\">\n                    <a href=\"https:\/\/lisbonproperty.com\/fr\/portugal\/madere\/\">\n                                                    <img src=\"https:\/\/lisbonproperty.com\/fr\/wp-content\/uploads\/2025\/12\/01-town-and-roads-madeira-portugal-map-430x293.jpg\" srcset=\"https:\/\/lisbonproperty.com\/fr\/wp-content\/uploads\/2025\/12\/01-town-and-roads-madeira-portugal-map-430x293.jpg 1x, https:\/\/lisbonproperty.com\/fr\/wp-content\/uploads\/2025\/12\/01-town-and-roads-madeira-portugal-map-880x586.jpg 2x\" sizes=\"(max-width: 480px) 100vw, 430px\" width=\"430\" height=\"293\" class=\"lp-card-thumb\" alt=\"\u00cele de Mad\u00e8re &bull; Cartes et introduction\" loading=\"lazy\" decoding=\"async\">                                                <h3>\u00cele de Mad\u00e8re &bull; Cartes et introduction<\/h3>\n                    <\/a>\n                <\/article>\n                            <article class=\"lp-card\">\n                    <a href=\"https:\/\/lisbonproperty.com\/fr\/portugal\/acores\/\">\n                                                    <img src=\"https:\/\/lisbonproperty.com\/fr\/wp-content\/uploads\/2024\/01\/azores-portugal-430x293.jpg\" srcset=\"https:\/\/lisbonproperty.com\/fr\/wp-content\/uploads\/2024\/01\/azores-portugal-430x293.jpg 1x, https:\/\/lisbonproperty.com\/fr\/wp-content\/uploads\/2024\/01\/azores-portugal-880x586.jpg 2x\" sizes=\"(max-width: 480px) 100vw, 430px\" width=\"430\" height=\"293\" class=\"lp-card-thumb\" alt=\"A\u00e7ores\" loading=\"lazy\" decoding=\"async\">                                                <h3>A\u00e7ores<\/h3>\n                    <\/a>\n                <\/article>\n                    <\/div>\n    <\/section>\n\n\n","protected":false},"featured_media":634,"parent":0,"menu_order":0,"template":"","meta":[],"class_list":["post-633","portugal","type-portugal","status-publish","has-post-thumbnail","hentry"],"_links":{"self":[{"href":"https:\/\/lisbonproperty.com\/fr\/wp-json\/wp\/v2\/portugal\/633","targetHints":{"allow":["GET"]}}],"collection":[{"href":"https:\/\/lisbonproperty.com\/fr\/wp-json\/wp\/v2\/portugal"}],"about":[{"href":"https:\/\/lisbonproperty.com\/fr\/wp-json\/wp\/v2\/types\/portugal"}],"wp:featuredmedia":[{"embeddable":true,"href":"https:\/\/lisbonproperty.com\/fr\/wp-json\/wp\/v2\/media\/634"}],"wp:attachment":[{"href":"https:\/\/lisbonproperty.com\/fr\/wp-json\/wp\/v2\/media?parent=633"}],"curies":[{"name":"wp","href":"https:\/\/api.w.org\/{rel}","templated":true}]}}