
{"id":631,"date":"2024-01-11T18:29:14","date_gmt":"2024-01-11T18:29:14","guid":{"rendered":"https:\/\/lisbonproperty.com\/fr\/portugal\/regions-du-portugal\/"},"modified":"2026-01-15T16:30:07","modified_gmt":"2026-01-15T16:30:07","slug":"regions-du-portugal","status":"publish","type":"portugal","link":"https:\/\/lisbonproperty.com\/fr\/portugal\/regions-du-portugal\/","title":{"rendered":"R\u00e9gions du Portugal"},"content":{"rendered":"<h2>Caract\u00e9ristiques principales des 7 r\u00e9gions du Portugal<\/h2>\n<hr \/>\n<p><figure class=\"wp-block-image\"><img src=\"https:\/\/lisbonproperty.com\/fr\/wp-content\/uploads\/2025\/12\/portugal-regions-districts-map-1.jpg\" width=\"1200\" height=\"849\" class=\"wp-image-632\" alt=\"Carte de la r\u00e9gion du Portugal\" srcset=\"https:\/\/lisbonproperty.com\/fr\/wp-content\/uploads\/2025\/12\/portugal-regions-districts-map-1-125x83.jpg 125w, https:\/\/lisbonproperty.com\/fr\/wp-content\/uploads\/2025\/12\/portugal-regions-districts-map-1-150x150.jpg 150w, https:\/\/lisbonproperty.com\/fr\/wp-content\/uploads\/2025\/12\/portugal-regions-districts-map-1-300x212.jpg 300w, https:\/\/lisbonproperty.com\/fr\/wp-content\/uploads\/2025\/12\/portugal-regions-districts-map-1-430x293.jpg 430w, https:\/\/lisbonproperty.com\/fr\/wp-content\/uploads\/2025\/12\/portugal-regions-districts-map-1-768x543.jpg 768w, https:\/\/lisbonproperty.com\/fr\/wp-content\/uploads\/2025\/12\/portugal-regions-districts-map-1-880x586.jpg 880w, https:\/\/lisbonproperty.com\/fr\/wp-content\/uploads\/2025\/12\/portugal-regions-districts-map-1-1200x849.jpg 1200w\" sizes=\"(max-width: 1200px) 100vw, 1200px\" loading=\"eager\" decoding=\"async\" fetchpriority=\"high\"><figcaption>Carte de la r\u00e9gion du Portugal<\/figcaption><\/figure>\n<\/p>\n<blockquote>\n<p><strong>Le Portugal<\/strong> est compos\u00e9 de <strong>sept r\u00e9gions distinctes<\/strong>, chacune pr\u00e9sentant ses propres caract\u00e9ristiques et attractions uniques.<\/p>\n<\/blockquote>\n<h2>R\u00e9gions continentales du Portugal, districts et principales villes<\/h2>\n<hr \/>\n<p>Tableau avec les r\u00e9gions du Portugal, leurs districts respectifs, et les plus grandes, deuxi\u00e8mes plus grandes, troisi\u00e8mes plus grandes et quatri\u00e8mes plus grandes villes de chaque district:<\/p>\n<h3>Norte Region<\/h3>\n<h2>R\u00e9gion du Nord<\/h2>\n<hr \/>\n<p>La <strong>r\u00e9gion du Nord<\/strong> du Portugal, connue sous le nom de Norte, se distingue par la ville de Porto, c\u00e9l\u00e8bre pour son vin de Porto, le parc national montagneux de Peneda-Ger\u00eas, les vignobles en terrasses de la vall\u00e9e du Douro class\u00e9e par l&#8217;UNESCO, et un secteur industriel robuste comprenant le textile, la chaussure et la fabrication. Les districts du Nord sont Viana do Castelo, Braga, Vila Real, Bragan\u00e7a et Porto.<\/p>\n<table class=\"table table-striped\">\n<tbody>\n<tr>\n<th>District<\/th>\n<th>Plus Grande Ville<\/th>\n<th>Deuxi\u00e8me Plus Grande Ville<\/th>\n<th>Troisi\u00e8me Plus Grande Ville<\/th>\n<th>Quatri\u00e8me Plus Grande Ville<\/th>\n<\/tr>\n<tr>\n<td>Viana do Castelo<\/td>\n<td>Viana do Castelo<\/td>\n<td>Ponte de Lima<\/td>\n<td>Valen\u00e7a<\/td>\n<td>Mon\u00e7\u00e3o<\/td>\n<\/tr>\n<tr>\n<td>Braga<\/td>\n<td>Braga<\/td>\n<td>Guimar\u00e3es<\/td>\n<td>Barcelos<\/td>\n<td>Vila Nova de Famalic\u00e3o<\/td>\n<\/tr>\n<tr>\n<td>Porto<\/td>\n<td>Porto<\/td>\n<td>Vila Nova de Gaia<\/td>\n<td>Matosinhos<\/td>\n<td>Maia<\/td>\n<\/tr>\n<tr>\n<td>Vila Real<\/td>\n<td>Vila Real<\/td>\n<td>Chaves<\/td>\n<td>Peso da R\u00e9gua<\/td>\n<td>Ribeira de Pena<\/td>\n<\/tr>\n<tr>\n<td>Bragan\u00e7a<\/td>\n<td>Bragan\u00e7a<\/td>\n<td>Mirandela<\/td>\n<td>Macedo de Cavaleiros<\/td>\n<td>Vimioso<\/td>\n<\/tr>\n<tr>\n<td>Aveiro<\/td>\n<td>Aveiro<\/td>\n<td>Ovar<\/td>\n<td>Espinho<\/td>\n<td>S\u00e3o Jo\u00e3o da Madeira<\/td>\n<\/tr>\n<\/tbody>\n<\/table>\n<h4>Districts du Nord du Portugal<\/h4>\n\n    <section class=\"child-locations portugal-locations\">\n        \n        <div class=\"lp-grid\">\n                            <article class=\"lp-card\">\n                    <a href=\"https:\/\/lisbonproperty.com\/fr\/portugal\/porto\/\">\n                                                    <img src=\"https:\/\/lisbonproperty.com\/fr\/wp-content\/uploads\/2025\/12\/01-porto-portugal-430x293.jpg\" srcset=\"https:\/\/lisbonproperty.com\/fr\/wp-content\/uploads\/2025\/12\/01-porto-portugal-430x293.jpg 1x, https:\/\/lisbonproperty.com\/fr\/wp-content\/uploads\/2025\/12\/01-porto-portugal-880x586.jpg 2x\" sizes=\"(max-width: 480px) 100vw, 430px\" width=\"430\" height=\"293\" class=\"lp-card-thumb\" alt=\"Porto\" loading=\"lazy\" decoding=\"async\">                                                <h3>Porto<\/h3>\n                    <\/a>\n                <\/article>\n                            <article class=\"lp-card\">\n                    <a href=\"https:\/\/lisbonproperty.com\/fr\/portugal\/braga\/\">\n                                                    <img src=\"https:\/\/lisbonproperty.com\/fr\/wp-content\/uploads\/2025\/12\/braga-portugal-430x293.jpg\" srcset=\"https:\/\/lisbonproperty.com\/fr\/wp-content\/uploads\/2025\/12\/braga-portugal-430x293.jpg 1x, https:\/\/lisbonproperty.com\/fr\/wp-content\/uploads\/2025\/12\/braga-portugal-880x586.jpg 2x\" sizes=\"(max-width: 480px) 100vw, 430px\" width=\"430\" height=\"293\" class=\"lp-card-thumb\" alt=\"Braga\" loading=\"lazy\" decoding=\"async\">                                                <h3>Braga<\/h3>\n                    <\/a>\n                <\/article>\n                            <article class=\"lp-card\">\n                    <a href=\"https:\/\/lisbonproperty.com\/fr\/portugal\/viana-do-castelo\/\">\n                                                    <img src=\"https:\/\/lisbonproperty.com\/fr\/wp-content\/uploads\/2025\/12\/01-viana-do-castelo-portugal-430x293.jpg\" srcset=\"https:\/\/lisbonproperty.com\/fr\/wp-content\/uploads\/2025\/12\/01-viana-do-castelo-portugal-430x293.jpg 1x, https:\/\/lisbonproperty.com\/fr\/wp-content\/uploads\/2025\/12\/01-viana-do-castelo-portugal-880x586.jpg 2x\" sizes=\"(max-width: 480px) 100vw, 430px\" width=\"430\" height=\"293\" class=\"lp-card-thumb\" alt=\"Viana do Castelo\" loading=\"lazy\" decoding=\"async\">                                                <h3>Viana do Castelo<\/h3>\n                    <\/a>\n                <\/article>\n                            <article class=\"lp-card\">\n                    <a href=\"https:\/\/lisbonproperty.com\/fr\/portugal\/vila-real\/\">\n                                                    <img src=\"https:\/\/lisbonproperty.com\/fr\/wp-content\/uploads\/2025\/12\/vila-real-north-portugal-430x293.jpg\" srcset=\"https:\/\/lisbonproperty.com\/fr\/wp-content\/uploads\/2025\/12\/vila-real-north-portugal-430x293.jpg 1x, https:\/\/lisbonproperty.com\/fr\/wp-content\/uploads\/2025\/12\/vila-real-north-portugal-880x586.jpg 2x\" sizes=\"(max-width: 480px) 100vw, 430px\" width=\"430\" height=\"293\" class=\"lp-card-thumb\" alt=\"Vila Real\" loading=\"lazy\" decoding=\"async\">                                                <h3>Vila Real<\/h3>\n                    <\/a>\n                <\/article>\n                            <article class=\"lp-card\">\n                    <a href=\"https:\/\/lisbonproperty.com\/fr\/portugal\/braganca\/\">\n                                                    <img src=\"https:\/\/lisbonproperty.com\/fr\/wp-content\/uploads\/2025\/12\/braganca-north-portugal-430x293.jpg\" srcset=\"https:\/\/lisbonproperty.com\/fr\/wp-content\/uploads\/2025\/12\/braganca-north-portugal-430x293.jpg 1x, https:\/\/lisbonproperty.com\/fr\/wp-content\/uploads\/2025\/12\/braganca-north-portugal-880x586.jpg 2x\" sizes=\"(max-width: 480px) 100vw, 430px\" width=\"430\" height=\"293\" class=\"lp-card-thumb\" alt=\"Bragan\u00e7a\" loading=\"lazy\" decoding=\"async\">                                                <h3>Bragan\u00e7a<\/h3>\n                    <\/a>\n                <\/article>\n                    <\/div>\n    <\/section>\n\n\n<h3>Centro Region<\/h3>\n<h2>R\u00e9gion Centre<\/h2>\n<hr \/>\n<p>La <strong>r\u00e9gion Centre<\/strong> est connue pour la ville de Coimbra, avec son universit\u00e9 historique class\u00e9e au patrimoine mondial de l&#8217;UNESCO. La Serra da Estrela, la plus haute cha\u00eene de montagnes du Portugal continental. Aveiro, surnomm\u00e9e la &#8216;Venise du Portugal&#8217;, Nazar\u00e9, c\u00e9l\u00e8bre pour ses vagues g\u00e9antes. \u00c0 l&#8217;int\u00e9rieur des terres, le site de F\u00e1tima est l&#8217;une des principales attractions du Portugal. Les districts du Centre sont Aveiro, Viseu, Guarda, Coimbra, Castelo Branco et Leiria.<\/p>\n<table class=\"table table-striped\">\n<tbody>\n<tr>\n<th>District<\/th>\n<th>Plus Grande Ville<\/th>\n<th>Deuxi\u00e8me Plus Grande Ville<\/th>\n<th>Troisi\u00e8me Plus Grande Ville<\/th>\n<th>Quatri\u00e8me Plus Grande Ville<\/th>\n<\/tr>\n<tr>\n<td>Coimbra<\/td>\n<td>Coimbra<\/td>\n<td>Figueira da Foz<\/td>\n<td>Pombal<\/td>\n<td>Lous\u00e3<\/td>\n<\/tr>\n<tr>\n<td>Viseu<\/td>\n<td>Viseu<\/td>\n<td>Lamego<\/td>\n<td>Tondela<\/td>\n<td>Mangualde<\/td>\n<\/tr>\n<tr>\n<td>Guarda<\/td>\n<td>Guarda<\/td>\n<td>Seia<\/td>\n<td>Gouveia<\/td>\n<td>Pinhel<\/td>\n<\/tr>\n<\/tbody>\n<\/table>\n<h4>Districts du Centre du Portugal<\/h4>\n\n    <section class=\"child-locations portugal-locations\">\n        \n        <div class=\"lp-grid\">\n                            <article class=\"lp-card\">\n                    <a href=\"https:\/\/lisbonproperty.com\/fr\/portugal\/aveiro\/\">\n                                                    <img src=\"https:\/\/lisbonproperty.com\/fr\/wp-content\/uploads\/2025\/12\/aveiro-portugal-430x293.jpg\" srcset=\"https:\/\/lisbonproperty.com\/fr\/wp-content\/uploads\/2025\/12\/aveiro-portugal-430x293.jpg 1x, https:\/\/lisbonproperty.com\/fr\/wp-content\/uploads\/2025\/12\/aveiro-portugal-880x586.jpg 2x\" sizes=\"(max-width: 480px) 100vw, 430px\" width=\"430\" height=\"293\" class=\"lp-card-thumb\" alt=\"Aveiro\" loading=\"lazy\" decoding=\"async\">                                                <h3>Aveiro<\/h3>\n                    <\/a>\n                <\/article>\n                            <article class=\"lp-card\">\n                    <a href=\"https:\/\/lisbonproperty.com\/fr\/portugal\/castelo-branco\/\">\n                                                    <img src=\"https:\/\/lisbonproperty.com\/fr\/wp-content\/uploads\/2025\/12\/castelo-branco-430x293.jpg\" srcset=\"https:\/\/lisbonproperty.com\/fr\/wp-content\/uploads\/2025\/12\/castelo-branco-430x293.jpg 1x, https:\/\/lisbonproperty.com\/fr\/wp-content\/uploads\/2025\/12\/castelo-branco-880x586.jpg 2x\" sizes=\"(max-width: 480px) 100vw, 430px\" width=\"430\" height=\"293\" class=\"lp-card-thumb\" alt=\"Castelo Branco\" loading=\"lazy\" decoding=\"async\">                                                <h3>Castelo Branco<\/h3>\n                    <\/a>\n                <\/article>\n                            <article class=\"lp-card\">\n                    <a href=\"https:\/\/lisbonproperty.com\/fr\/portugal\/coimbra\/\">\n                                                    <img src=\"https:\/\/lisbonproperty.com\/fr\/wp-content\/uploads\/2025\/12\/coimbra-center-portugal-430x293.jpg\" srcset=\"https:\/\/lisbonproperty.com\/fr\/wp-content\/uploads\/2025\/12\/coimbra-center-portugal-430x293.jpg 1x, https:\/\/lisbonproperty.com\/fr\/wp-content\/uploads\/2025\/12\/coimbra-center-portugal-880x586.jpg 2x\" sizes=\"(max-width: 480px) 100vw, 430px\" width=\"430\" height=\"293\" class=\"lp-card-thumb\" alt=\"Coimbra\" loading=\"lazy\" decoding=\"async\">                                                <h3>Coimbra<\/h3>\n                    <\/a>\n                <\/article>\n                            <article class=\"lp-card\">\n                    <a href=\"https:\/\/lisbonproperty.com\/fr\/portugal\/guarda\/\">\n                                                    <img src=\"https:\/\/lisbonproperty.com\/fr\/wp-content\/uploads\/2025\/12\/guarda-center-portugal-430x293.jpg\" srcset=\"https:\/\/lisbonproperty.com\/fr\/wp-content\/uploads\/2025\/12\/guarda-center-portugal-430x293.jpg 1x, https:\/\/lisbonproperty.com\/fr\/wp-content\/uploads\/2025\/12\/guarda-center-portugal-880x586.jpg 2x\" sizes=\"(max-width: 480px) 100vw, 430px\" width=\"430\" height=\"293\" class=\"lp-card-thumb\" alt=\"Guarda\" loading=\"lazy\" decoding=\"async\">                                                <h3>Guarda<\/h3>\n                    <\/a>\n                <\/article>\n                            <article class=\"lp-card\">\n                    <a href=\"https:\/\/lisbonproperty.com\/fr\/portugal\/leiria\/\">\n                                                    <img src=\"https:\/\/lisbonproperty.com\/fr\/wp-content\/uploads\/2025\/12\/01-leiria-center-430x293.jpg\" srcset=\"https:\/\/lisbonproperty.com\/fr\/wp-content\/uploads\/2025\/12\/01-leiria-center-430x293.jpg 1x, https:\/\/lisbonproperty.com\/fr\/wp-content\/uploads\/2025\/12\/01-leiria-center-880x586.jpg 2x\" sizes=\"(max-width: 480px) 100vw, 430px\" width=\"430\" height=\"293\" class=\"lp-card-thumb\" alt=\"Leiria\" loading=\"lazy\" decoding=\"async\">                                                <h3>Leiria<\/h3>\n                    <\/a>\n                <\/article>\n                            <article class=\"lp-card\">\n                    <a href=\"https:\/\/lisbonproperty.com\/fr\/portugal\/viseu\/\">\n                                                    <img src=\"https:\/\/lisbonproperty.com\/fr\/wp-content\/uploads\/2025\/12\/viseu-centro-portugal-430x293.jpg\" srcset=\"https:\/\/lisbonproperty.com\/fr\/wp-content\/uploads\/2025\/12\/viseu-centro-portugal-430x293.jpg 1x, https:\/\/lisbonproperty.com\/fr\/wp-content\/uploads\/2025\/12\/viseu-centro-portugal-880x586.jpg 2x\" sizes=\"(max-width: 480px) 100vw, 430px\" width=\"430\" height=\"293\" class=\"lp-card-thumb\" alt=\"Viseu\" loading=\"lazy\" decoding=\"async\">                                                <h3>Viseu<\/h3>\n                    <\/a>\n                <\/article>\n                    <\/div>\n    <\/section>\n\n\n<h3>Lisbon Metropolitan Region<\/h3>\n<h3>R\u00e9gion de Lisbonne<\/h3>\n<hr \/>\n<p>La <strong>r\u00e9gion de Lisbonne et de la vall\u00e9e du Tage<\/strong>, centr\u00e9e autour de la capitale portugaise, Lisbonne, est connue pour sa riche histoire, son importance culturelle et \u00e9conomique. La r\u00e9gion comprend l&#8217;estuaire du fleuve Tage, qui a historiquement \u00e9t\u00e9 un centre d&#8217;activit\u00e9s maritimes et de commerce. Lisbonne elle-m\u00eame offre un m\u00e9lange d&#8217;architecture traditionnelle, de culture contemporaine et de vie nocturne anim\u00e9e. La r\u00e9gion englobe \u00e9galement des villes comme Sintra et Cascais. Les districts de Lisbonne sont Lisbonne et Set\u00fabal.<\/p>\n<table class=\"table table-striped\">\n<tbody>\n<tr>\n<th>District<\/th>\n<th>Plus Grande Ville<\/th>\n<th>Deuxi\u00e8me Plus Grande Ville<\/th>\n<th>Troisi\u00e8me Plus Grande Ville<\/th>\n<th>Quatri\u00e8me Plus Grande Ville<\/th>\n<\/tr>\n<tr>\n<td>Lisbonne<\/td>\n<td>Lisbonne<\/td>\n<td>Sintra<\/td>\n<td>Amadora<\/td>\n<td>Cascais<\/td>\n<\/tr>\n<tr>\n<td>Santar\u00e9m<\/td>\n<td>Santar\u00e9m<\/td>\n<td>Tomar<\/td>\n<td>Entroncamento<\/td>\n<td>Rio Maior<\/td>\n<\/tr>\n<tr>\n<td>Set\u00fabal<\/td>\n<td>Set\u00fabal<\/td>\n<td>Almada<\/td>\n<td>Barreiro<\/td>\n<td>Montijo<\/td>\n<\/tr>\n<\/tbody>\n<\/table>\n<h4>Zone M\u00e9tropolitaine de Lisbonne<\/h4>\n\n    <section class=\"child-locations portugal-locations\">\n        \n        <div class=\"lp-grid\">\n                            <article class=\"lp-card\">\n                    <a href=\"https:\/\/lisbonproperty.com\/fr\/portugal\/grand-lisbonne\/\">\n                                                    <div class=\"lp-card-thumb-placeholder\">\n                                <span>Grand Lisbonne<\/span>\n                            <\/div>\n                                                <h3>Grand Lisbonne<\/h3>\n                    <\/a>\n                <\/article>\n                            <article class=\"lp-card\">\n                    <a href=\"https:\/\/lisbonproperty.com\/fr\/portugal\/peninsule-de-setubal\/\">\n                                                    <div class=\"lp-card-thumb-placeholder\">\n                                <span>P\u00e9ninsule de Set\u00fabal<\/span>\n                            <\/div>\n                                                <h3>P\u00e9ninsule de Set\u00fabal<\/h3>\n                    <\/a>\n                <\/article>\n                    <\/div>\n    <\/section>\n\n\n<h3>Alentejo Region<\/h3>\n<h2>R\u00e9gion de l&#8217;Alentejo<\/h2>\n<hr \/>\n<p>La <strong>r\u00e9gion de l&#8217;Alentejo<\/strong> est connue pour ses vastes paysages agricoles, sa faible densit\u00e9 de population, sa production de vin importante, ses villes historiques et ses for\u00eats traditionnelles de ch\u00eanes-li\u00e8ges. C&#8217;est l&#8217;une des plus grandes r\u00e9gions du Portugal, couvrant un tiers du pays, et est reconnue pour son patrimoine culturel, avec de nombreux ch\u00e2teaux et ruines romaines, ainsi que pour son mode de vie paisible et sa cuisine distinctive. Les districts de l&#8217;Alentejo sont Portalegre, \u00c9vora et Beja.<\/p>\n<table class=\"table table-striped\">\n<tbody>\n<tr>\n<th>District<\/th>\n<th>Plus Grande Ville<\/th>\n<th>Deuxi\u00e8me Plus Grande Ville<\/th>\n<th>Troisi\u00e8me Plus Grande Ville<\/th>\n<th>Quatri\u00e8me Plus Grande Ville<\/th>\n<\/tr>\n<tr>\n<td>Portalegre<\/td>\n<td>Portalegre<\/td>\n<td>Elvas<\/td>\n<td>Ponte de Sor<\/td>\n<td>Campo Maior<\/td>\n<\/tr>\n<tr>\n<td>\u00c9vora<\/td>\n<td>\u00c9vora<\/td>\n<td>Montemor-o-Novo<\/td>\n<td>Estremoz<\/td>\n<td>Reguengos de Monsaraz<\/td>\n<\/tr>\n<tr>\n<td>Beja<\/td>\n<td>Beja<\/td>\n<td>Aljustrel<\/td>\n<td>Serpa<\/td>\n<td>Moura<\/td>\n<\/tr>\n<\/tbody>\n<\/table>\n<h4>Districts de l\u2019Alentejo<\/h4>\n\n    <section class=\"child-locations portugal-locations\">\n        \n        <div class=\"lp-grid\">\n                            <article class=\"lp-card\">\n                    <a href=\"https:\/\/lisbonproperty.com\/fr\/portugal\/evora\/\">\n                                                    <img src=\"https:\/\/lisbonproperty.com\/fr\/wp-content\/uploads\/2025\/12\/evora-alentejo-portugal-430x293.jpg\" srcset=\"https:\/\/lisbonproperty.com\/fr\/wp-content\/uploads\/2025\/12\/evora-alentejo-portugal-430x293.jpg 1x, https:\/\/lisbonproperty.com\/fr\/wp-content\/uploads\/2025\/12\/evora-alentejo-portugal-880x586.jpg 2x\" sizes=\"(max-width: 480px) 100vw, 430px\" width=\"430\" height=\"293\" class=\"lp-card-thumb\" alt=\"\u00c9vora\" loading=\"lazy\" decoding=\"async\">                                                <h3>\u00c9vora<\/h3>\n                    <\/a>\n                <\/article>\n                            <article class=\"lp-card\">\n                    <a href=\"https:\/\/lisbonproperty.com\/fr\/portugal\/beja\/\">\n                                                    <img src=\"https:\/\/lisbonproperty.com\/fr\/wp-content\/uploads\/2025\/12\/beja-alentejo-portugal-430x293.jpg\" srcset=\"https:\/\/lisbonproperty.com\/fr\/wp-content\/uploads\/2025\/12\/beja-alentejo-portugal-430x293.jpg 1x, https:\/\/lisbonproperty.com\/fr\/wp-content\/uploads\/2025\/12\/beja-alentejo-portugal-880x586.jpg 2x\" sizes=\"(max-width: 480px) 100vw, 430px\" width=\"430\" height=\"293\" class=\"lp-card-thumb\" alt=\"Beja\" loading=\"lazy\" decoding=\"async\">                                                <h3>Beja<\/h3>\n                    <\/a>\n                <\/article>\n                            <article class=\"lp-card\">\n                    <a href=\"https:\/\/lisbonproperty.com\/fr\/portugal\/portalegre\/\">\n                                                    <img src=\"https:\/\/lisbonproperty.com\/fr\/wp-content\/uploads\/2025\/12\/portalegre-alentejo-portugal-430x293.jpg\" srcset=\"https:\/\/lisbonproperty.com\/fr\/wp-content\/uploads\/2025\/12\/portalegre-alentejo-portugal-430x293.jpg 1x, https:\/\/lisbonproperty.com\/fr\/wp-content\/uploads\/2025\/12\/portalegre-alentejo-portugal-880x586.jpg 2x\" sizes=\"(max-width: 480px) 100vw, 430px\" width=\"430\" height=\"293\" class=\"lp-card-thumb\" alt=\"Portalegre\" loading=\"lazy\" decoding=\"async\">                                                <h3>Portalegre<\/h3>\n                    <\/a>\n                <\/article>\n                    <\/div>\n    <\/section>\n\n\n<h3>Algarve Region<\/h3>\n<h2>Algarve, R\u00e9gion Sud du Portugal<\/h2>\n<hr \/>\n<p>La <strong>r\u00e9gion de l&#8217;Algarve<\/strong> est la partie la plus au sud du Portugal et est connue pour ses plages m\u00e9diterran\u00e9ennes, ses complexes de golf et ses services orient\u00e9s vers le tourisme. Le climat doux de la r\u00e9gion, son littoral attrayant et son ensoleillement abondant en font une destination pris\u00e9e des vacanciers.<\/p>\n<p>La <strong>r\u00e9gion de l&#8217;Algarve<\/strong> est la partie la plus m\u00e9ridionale du Portugal, c\u00e9l\u00e8bre pour ses complexes de luxe, les marinas, la Ria Formosa, les 37 parcours de golf, la forteresse de Sagres, 133 plages ensoleill\u00e9es et une vie nocturne estivale anim\u00e9e. L&#8217;Algarve se compose du seul district de Faro.<\/p>\n<table class=\"table table-striped\">\n<tbody>\n<tr>\n<th>District<\/th>\n<th>Plus Grande Ville<\/th>\n<th>Deuxi\u00e8me Plus Grande Ville<\/th>\n<th>Troisi\u00e8me Plus Grande Ville<\/th>\n<th>Quatri\u00e8me Plus Grande Ville<\/th>\n<\/tr>\n<tr>\n<td>Faro<\/td>\n<td>Faro<\/td>\n<td>Albufeira<\/td>\n<td>Portim\u00e3o<\/td>\n<td>Loul\u00e9<\/td>\n<\/tr>\n<\/tbody>\n<\/table>\n<h4>District de l\u2019Algarve<\/h4>\n\n    <section class=\"child-locations portugal-locations\">\n        \n        <div class=\"lp-grid\">\n                            <article class=\"lp-card\">\n                    <a href=\"https:\/\/lisbonproperty.com\/fr\/portugal\/faro\/\">\n                                                    <img src=\"https:\/\/lisbonproperty.com\/fr\/wp-content\/uploads\/2025\/12\/faro-algarve-portugal-430x293.jpg\" srcset=\"https:\/\/lisbonproperty.com\/fr\/wp-content\/uploads\/2025\/12\/faro-algarve-portugal-430x293.jpg 1x, https:\/\/lisbonproperty.com\/fr\/wp-content\/uploads\/2025\/12\/faro-algarve-portugal-880x586.jpg 2x\" sizes=\"(max-width: 480px) 100vw, 430px\" width=\"430\" height=\"293\" class=\"lp-card-thumb\" alt=\"Faro\" loading=\"lazy\" decoding=\"async\">                                                <h3>Faro<\/h3>\n                    <\/a>\n                <\/article>\n                    <\/div>\n    <\/section>\n\n\n<h5>Communes de la r\u00e9gion de l\u2019Algarve<\/h5>\n\n    <section class=\"child-locations portugal-locations\">\n        \n        <div class=\"lp-grid\">\n                            <article class=\"lp-card\">\n                    <a href=\"https:\/\/lisbonproperty.com\/fr\/portugal\/loule\/\">\n                                                    <div class=\"lp-card-thumb-placeholder\">\n                                <span>Loul\u00e9<\/span>\n                            <\/div>\n                                                <h3>Loul\u00e9<\/h3>\n                    <\/a>\n                <\/article>\n                            <article class=\"lp-card\">\n                    <a href=\"https:\/\/lisbonproperty.com\/fr\/portugal\/castro-marim\/\">\n                                                    <div class=\"lp-card-thumb-placeholder\">\n                                <span>Castro Marim<\/span>\n                            <\/div>\n                                                <h3>Castro Marim<\/h3>\n                    <\/a>\n                <\/article>\n                            <article class=\"lp-card\">\n                    <a href=\"https:\/\/lisbonproperty.com\/fr\/portugal\/aljezur\/\">\n                                                    <div class=\"lp-card-thumb-placeholder\">\n                                <span>Aljezur<\/span>\n                            <\/div>\n                                                <h3>Aljezur<\/h3>\n                    <\/a>\n                <\/article>\n                            <article class=\"lp-card\">\n                    <a href=\"https:\/\/lisbonproperty.com\/fr\/portugal\/portimao\/\">\n                                                    <div class=\"lp-card-thumb-placeholder\">\n                                <span>Portim\u00e3o<\/span>\n                            <\/div>\n                                                <h3>Portim\u00e3o<\/h3>\n                    <\/a>\n                <\/article>\n                            <article class=\"lp-card\">\n                    <a href=\"https:\/\/lisbonproperty.com\/fr\/portugal\/vila-do-bispo\/\">\n                                                    <div class=\"lp-card-thumb-placeholder\">\n                                <span>Vila do Bispo<\/span>\n                            <\/div>\n                                                <h3>Vila do Bispo<\/h3>\n                    <\/a>\n                <\/article>\n                            <article class=\"lp-card\">\n                    <a href=\"https:\/\/lisbonproperty.com\/fr\/portugal\/monchique\/\">\n                                                    <div class=\"lp-card-thumb-placeholder\">\n                                <span>Monchique<\/span>\n                            <\/div>\n                                                <h3>Monchique<\/h3>\n                    <\/a>\n                <\/article>\n                            <article class=\"lp-card\">\n                    <a href=\"https:\/\/lisbonproperty.com\/fr\/portugal\/olhao\/\">\n                                                    <div class=\"lp-card-thumb-placeholder\">\n                                <span>Olh\u00e3o<\/span>\n                            <\/div>\n                                                <h3>Olh\u00e3o<\/h3>\n                    <\/a>\n                <\/article>\n                            <article class=\"lp-card\">\n                    <a href=\"https:\/\/lisbonproperty.com\/fr\/portugal\/albufeira\/\">\n                                                    <div class=\"lp-card-thumb-placeholder\">\n                                <span>Albufeira<\/span>\n                            <\/div>\n                                                <h3>Albufeira<\/h3>\n                    <\/a>\n                <\/article>\n                            <article class=\"lp-card\">\n                    <a href=\"https:\/\/lisbonproperty.com\/fr\/portugal\/silves\/\">\n                                                    <div class=\"lp-card-thumb-placeholder\">\n                                <span>Silves<\/span>\n                            <\/div>\n                                                <h3>Silves<\/h3>\n                    <\/a>\n                <\/article>\n                            <article class=\"lp-card\">\n                    <a href=\"https:\/\/lisbonproperty.com\/fr\/portugal\/lagos\/\">\n                                                    <div class=\"lp-card-thumb-placeholder\">\n                                <span>Lagos<\/span>\n                            <\/div>\n                                                <h3>Lagos<\/h3>\n                    <\/a>\n                <\/article>\n                            <article class=\"lp-card\">\n                    <a href=\"https:\/\/lisbonproperty.com\/fr\/portugal\/tavira\/\">\n                                                    <div class=\"lp-card-thumb-placeholder\">\n                                <span>Tavira<\/span>\n                            <\/div>\n                                                <h3>Tavira<\/h3>\n                    <\/a>\n                <\/article>\n                            <article class=\"lp-card\">\n                    <a href=\"https:\/\/lisbonproperty.com\/fr\/portugal\/lagoa\/\">\n                                                    <div class=\"lp-card-thumb-placeholder\">\n                                <span>Lagoa<\/span>\n                            <\/div>\n                                                <h3>Lagoa<\/h3>\n                    <\/a>\n                <\/article>\n                            <article class=\"lp-card\">\n                    <a href=\"https:\/\/lisbonproperty.com\/fr\/portugal\/alcoutim\/\">\n                                                    <div class=\"lp-card-thumb-placeholder\">\n                                <span>Alcoutim<\/span>\n                            <\/div>\n                                                <h3>Alcoutim<\/h3>\n                    <\/a>\n                <\/article>\n                            <article class=\"lp-card\">\n                    <a href=\"https:\/\/lisbonproperty.com\/fr\/portugal\/vila-real-de-santo-antonio\/\">\n                                                    <div class=\"lp-card-thumb-placeholder\">\n                                <span>Vila Real de Santo Ant\u00f3nio<\/span>\n                            <\/div>\n                                                <h3>Vila Real de Santo Ant\u00f3nio<\/h3>\n                    <\/a>\n                <\/article>\n                            <article class=\"lp-card\">\n                    <a href=\"https:\/\/lisbonproperty.com\/fr\/portugal\/sao-bras-de-alportel\/\">\n                                                    <div class=\"lp-card-thumb-placeholder\">\n                                <span>S\u00e3o Br\u00e1s de Alportel<\/span>\n                            <\/div>\n                                                <h3>S\u00e3o Br\u00e1s de Alportel<\/h3>\n                    <\/a>\n                <\/article>\n                    <\/div>\n    <\/section>\n\n\n<h3>Azores Autonomous Region<\/h3>\n<blockquote>\n<p>Le Portugal comprend deux r\u00e9gions autonomes, Mad\u00e8re et les A\u00e7ores, qui sont des groupes d&#8217;\u00eeles situ\u00e9s dans l&#8217;oc\u00e9an Atlantique.<\/p>\n<\/blockquote>\n<h2>R\u00e9gion autonome des A\u00e7ores<\/h2>\n<hr \/>\n<p>La <strong>r\u00e9gion autonome des A\u00e7ores<\/strong> est un archipel situ\u00e9 dans l&#8217;oc\u00e9an Atlantique Nord. Les A\u00e7ores sont connues pour leurs paysages spectaculaires, qui incluent des falaises escarp\u00e9es, des p\u00e2turages verdoyants et <strong>des lacs de crat\u00e8re<\/strong>. Les \u00eeles sont \u00e9galement reconnues pour leur riche vie marine, les possibilit\u00e9s d&#8217;<strong>observation des baleines<\/strong>, les sources chaudes et les activit\u00e9s de plein air comme la randonn\u00e9e et la plong\u00e9e. Les A\u00e7ores sont \u00e9galement r\u00e9put\u00e9es pour leurs produits laitiers, notamment le fromage, et pour leurs plantations d&#8217;ananas. La r\u00e9gion des A\u00e7ores est compos\u00e9e de <strong>neuf \u00eeles volcaniques<\/strong>, divis\u00e9es en trois groupes : Est (<strong>S\u00e3o Miguel<\/strong> et <strong>Santa Maria<\/strong>), Centre (<strong>Terceira<\/strong>, <strong>Graciosa<\/strong>, <strong>S\u00e3o Jorge<\/strong>, <strong>Pico<\/strong> et <strong>Faial<\/strong>) et Ouest (<strong>Flores<\/strong> et <strong>Corvo<\/strong>).<\/p>\n<table class=\"table table-striped\">\n<tbody>\n<tr>\n<th>Groupe d&#8217;\u00celes<\/th>\n<th>Plus Grande Ville<\/th>\n<th>Deuxi\u00e8me Plus Grande Ville<\/th>\n<th>Troisi\u00e8me Plus Grande Ville<\/th>\n<th>Quatri\u00e8me Plus Grande Ville<\/th>\n<\/tr>\n<tr>\n<td>S\u00e3o Miguel<\/td>\n<td>Ponta Delgada<\/td>\n<td>Ribeira Grande<\/td>\n<td>Lagoa<\/td>\n<td>Vila Franca do Campo<\/td>\n<\/tr>\n<tr>\n<td>Terceira<\/td>\n<td>Angra do Hero\u00edsmo<\/td>\n<td>Praia da Vit\u00f3ria<\/td>\n<td>&#8212;<\/td>\n<td>&#8212;<\/td>\n<\/tr>\n<tr>\n<td>Pico, Faial et autres<\/td>\n<td>Horta (Faial)<\/td>\n<td>Madalena (Pico)<\/td>\n<td>Velas (S\u00e3o Jorge)<\/td>\n<td>&#8212;<\/td>\n<\/tr>\n<\/tbody>\n<\/table>\n<h4>R\u00e9gion autonome des A\u00e7ores<\/h4>\n\n    <section class=\"child-locations portugal-locations\">\n        \n        <div class=\"lp-grid\">\n                            <article class=\"lp-card\">\n                    <a href=\"https:\/\/lisbonproperty.com\/fr\/portugal\/acores\/\">\n                                                    <img src=\"https:\/\/lisbonproperty.com\/fr\/wp-content\/uploads\/2024\/01\/azores-portugal-430x293.jpg\" srcset=\"https:\/\/lisbonproperty.com\/fr\/wp-content\/uploads\/2024\/01\/azores-portugal-430x293.jpg 1x, https:\/\/lisbonproperty.com\/fr\/wp-content\/uploads\/2024\/01\/azores-portugal-880x586.jpg 2x\" sizes=\"(max-width: 480px) 100vw, 430px\" width=\"430\" height=\"293\" class=\"lp-card-thumb\" alt=\"A\u00e7ores\" loading=\"lazy\" decoding=\"async\">                                                <h3>A\u00e7ores<\/h3>\n                    <\/a>\n                <\/article>\n                    <\/div>\n    <\/section>\n\n\n<h3>Madeira Autonomous Region<\/h3>\n<h3>R\u00e9gion autonome de Mad\u00e8re<\/h3>\n<hr \/>\n<p>La <strong>r\u00e9gion autonome de Mad\u00e8re<\/strong> est un archipel qui se distingue par son paysage accident\u00e9 et un r\u00e9seau de levadas, qui sont des canaux d&#8217;irrigation con\u00e7us pour distribuer l&#8217;eau dans les zones agricoles de l&#8217;\u00eele. La r\u00e9gion est caract\u00e9ris\u00e9e par son climat subtropical, ses jardins verdoyants, le c\u00e9l\u00e8bre vin de Mad\u00e8re et le color\u00e9 Festival annuel des Fleurs de Mad\u00e8re. La r\u00e9gion de Mad\u00e8re comprend deux \u00eeles principales habit\u00e9es, <strong>Madeira et Porto Santo<\/strong>, et deux groupes d&#8217;\u00eeles inhabit\u00e9es, les <strong>Desertas<\/strong> et les <strong>Selvagens<\/strong>.<\/p>\n<table class=\"table table-striped\">\n<tbody>\n<tr>\n<th>\u00cele<\/th>\n<th>Plus Grande Ville<\/th>\n<th>Deuxi\u00e8me Plus Grande Ville<\/th>\n<th>Troisi\u00e8me Plus Grande Ville<\/th>\n<th>Quatri\u00e8me Plus Grande Ville<\/th>\n<\/tr>\n<tr>\n<td>Madeira<\/td>\n<td>Funchal<\/td>\n<td>C\u00e2mara de Lobos<\/td>\n<td>Santa Cruz<\/td>\n<td>Machico<\/td>\n<\/tr>\n<tr>\n<td>Porto Santo<\/td>\n<td>Vila Baleira<\/td>\n<td>&#8212;<\/td>\n<td>&#8212;<\/td>\n<td>&#8212;<\/td>\n<\/tr>\n<\/tbody>\n<\/table>\n<h4>R\u00e9gion autonome de Mad\u00e8re<\/h4>\n\n    <section class=\"child-locations portugal-locations\">\n        \n        <div class=\"lp-grid\">\n                            <article class=\"lp-card\">\n                    <a href=\"https:\/\/lisbonproperty.com\/fr\/portugal\/madere\/\">\n                                                    <img src=\"https:\/\/lisbonproperty.com\/fr\/wp-content\/uploads\/2025\/12\/01-town-and-roads-madeira-portugal-map-430x293.jpg\" srcset=\"https:\/\/lisbonproperty.com\/fr\/wp-content\/uploads\/2025\/12\/01-town-and-roads-madeira-portugal-map-430x293.jpg 1x, https:\/\/lisbonproperty.com\/fr\/wp-content\/uploads\/2025\/12\/01-town-and-roads-madeira-portugal-map-880x586.jpg 2x\" sizes=\"(max-width: 480px) 100vw, 430px\" width=\"430\" height=\"293\" class=\"lp-card-thumb\" alt=\"\u00cele de Mad\u00e8re &bull; Cartes et introduction\" loading=\"lazy\" decoding=\"async\">                                                <h3>\u00cele de Mad\u00e8re &bull; Cartes et introduction<\/h3>\n                    <\/a>\n                <\/article>\n                    <\/div>\n    <\/section>\n\n\n<h2>Le Portugal et sa capitale<\/h2>\n\n    <section class=\"child-locations portugal-locations\">\n        \n        <div class=\"lp-grid\">\n                                <article class=\"lp-card\">\n                        <a href=\"https:\/\/lisbonproperty.com\/fr\/portugal\/\">\n                                                            <img src=\"https:\/\/lisbonproperty.com\/fr\/wp-content\/uploads\/2025\/12\/portugal-map-430x293.jpg\" srcset=\"https:\/\/lisbonproperty.com\/fr\/wp-content\/uploads\/2025\/12\/portugal-map-430x293.jpg 1x, https:\/\/lisbonproperty.com\/fr\/wp-content\/uploads\/2025\/12\/portugal-map-880x586.jpg 2x\" sizes=\"(max-width: 480px) 100vw, 430px\" width=\"430\" height=\"293\" class=\"lp-card-thumb\" alt=\"Portugal\" loading=\"lazy\" decoding=\"async\">                                                        <h3>Portugal<\/h3>\n                        <\/a>\n                    <\/article>\n                                <article class=\"lp-card\">\n                    <a href=\"https:\/\/lisbonproperty.com\/fr\/portugal\/lisbonne\/\">\n                                                    <img src=\"https:\/\/lisbonproperty.com\/fr\/wp-content\/uploads\/2025\/12\/lisbon-portugal-city-map-430x293.jpg\" srcset=\"https:\/\/lisbonproperty.com\/fr\/wp-content\/uploads\/2025\/12\/lisbon-portugal-city-map-430x293.jpg 1x, https:\/\/lisbonproperty.com\/fr\/wp-content\/uploads\/2025\/12\/lisbon-portugal-city-map-880x586.jpg 2x\" sizes=\"(max-width: 480px) 100vw, 430px\" width=\"430\" height=\"293\" class=\"lp-card-thumb\" alt=\"Lisbonne\" loading=\"lazy\" decoding=\"async\">                                                <h3>Lisbonne<\/h3>\n                    <\/a>\n                <\/article>\n                    <\/div>\n    <\/section>\n\n\n","protected":false},"featured_media":632,"parent":0,"menu_order":0,"template":"","meta":[],"class_list":["post-631","portugal","type-portugal","status-publish","has-post-thumbnail","hentry"],"_links":{"self":[{"href":"https:\/\/lisbonproperty.com\/fr\/wp-json\/wp\/v2\/portugal\/631","targetHints":{"allow":["GET"]}}],"collection":[{"href":"https:\/\/lisbonproperty.com\/fr\/wp-json\/wp\/v2\/portugal"}],"about":[{"href":"https:\/\/lisbonproperty.com\/fr\/wp-json\/wp\/v2\/types\/portugal"}],"wp:featuredmedia":[{"embeddable":true,"href":"https:\/\/lisbonproperty.com\/fr\/wp-json\/wp\/v2\/media\/632"}],"wp:attachment":[{"href":"https:\/\/lisbonproperty.com\/fr\/wp-json\/wp\/v2\/media?parent=631"}],"curies":[{"name":"wp","href":"https:\/\/api.w.org\/{rel}","templated":true}]}}