
{"id":99,"date":"2025-01-31T15:54:08","date_gmt":"2025-01-31T15:54:08","guid":{"rendered":"https:\/\/lisbonproperty.com\/fr\/amenagements\/vision-areeiro\/"},"modified":"2026-04-09T17:39:35","modified_gmt":"2026-04-09T17:39:35","slug":"vision-areeiro","status":"publish","type":"developments","link":"https:\/\/lisbonproperty.com\/fr\/residences\/vision-areeiro\/","title":{"rendered":"Vision Areeiro"},"content":{"rendered":"<h2>Vision Areeiro \u2022 Description du condominium r\u00e9sidentiel<\/h2>\n<hr \/>\n<p><figure class=\"wp-block-image\"><img src=\"https:\/\/lisbonproperty.com\/fr\/wp-content\/uploads\/2025\/12\/vision-areeiro-featured.jpg\" width=\"1080\" height=\"720\" class=\"wp-image-100\" alt=\"Vision Areeiro\" srcset=\"https:\/\/lisbonproperty.com\/fr\/wp-content\/uploads\/2025\/12\/vision-areeiro-featured-125x83.jpg 125w, https:\/\/lisbonproperty.com\/fr\/wp-content\/uploads\/2025\/12\/vision-areeiro-featured-150x150.jpg 150w, https:\/\/lisbonproperty.com\/fr\/wp-content\/uploads\/2025\/12\/vision-areeiro-featured-300x200.jpg 300w, https:\/\/lisbonproperty.com\/fr\/wp-content\/uploads\/2025\/12\/vision-areeiro-featured-430x293.jpg 430w, https:\/\/lisbonproperty.com\/fr\/wp-content\/uploads\/2025\/12\/vision-areeiro-featured-768x512.jpg 768w, https:\/\/lisbonproperty.com\/fr\/wp-content\/uploads\/2025\/12\/vision-areeiro-featured-880x586.jpg 880w, https:\/\/lisbonproperty.com\/fr\/wp-content\/uploads\/2025\/12\/vision-areeiro-featured.jpg 1080w\" sizes=\"(max-width: 1080px) 100vw, 1080px\" loading=\"eager\" decoding=\"async\" fetchpriority=\"high\"><\/figure>\n<\/p>\n<p><strong>Vision Areeiro<\/strong> est un d\u00e9veloppement immobilier r\u00e9sidentiel moderne situ\u00e9 dans le quartier d&#8217;Areeiro \u00e0 Lisbonne, au Portugal. Ce projet se distingue par son architecture contemporaine et son design innovant. L&#8217;ensemble immobilier comprend 74 appartements, allant des studios aux appartements d&#8217;une, deux et quatre chambres, ainsi qu&#8217;un penthouse unique, r\u00e9pondant \u00e0 une large gamme de pr\u00e9f\u00e9rences et de besoins.<\/p>\n<p>L&#8217;immeuble, qui s&#8217;\u00e9tend sur 12 \u00e9tages, offre aux r\u00e9sidents des vues imprenables sur la ville. Chaque appartement est con\u00e7u avec des finitions de haute qualit\u00e9 et des commodit\u00e9s modernes. Le Vision Areeiro est reconnu pour son isolation thermique et acoustique, sa ventilation m\u00e9canique, et son approvisionnement centralis\u00e9 en eau chaude domestique via une pompe \u00e0 chaleur et des panneaux solaires. Les appartements disposent de portes s\u00e9curis\u00e9es avec isolation acoustique, de parquet en ch\u00eane multicouche avec une finition vernis mat incolore, de climatisation r\u00e9versible et de murs avec une finition en stuc peint lisse. Les salles de bains sont \u00e9quip\u00e9es de robinetterie Hansgrohe, d&#8217;un \u00e9clairage LED et sont finies en gr\u00e8s c\u00e9rame poli.<\/p>\n<p>Vision Areeiro comprend un espace de coworking et une salle de sport bien \u00e9quip\u00e9e, tous deux avec une connectivit\u00e9 r\u00e9seau sans fil, offrant un \u00e9quilibre entre travail et vie personnelle pour les r\u00e9sidents. La s\u00e9curit\u00e9 est \u00e9vidente au Vision Areeiro, avec des fonctionnalit\u00e9s telles qu&#8217;un syst\u00e8me d&#8217;interphone vid\u00e9o, des cam\u00e9ras de surveillance CCTV aux principaux acc\u00e8s, et des escaliers d&#8217;urgence. Le b\u00e2timent est \u00e9galement \u00e9quip\u00e9 d&#8217;un g\u00e9n\u00e9rateur d&#8217;urgence et d&#8217;une station de pompiers avec un r\u00e9servoir d&#8217;eau.<\/p>\n<p>Des installations de stationnement sont disponibles pour chaque appartement, y compris des points de recharge pour v\u00e9hicules \u00e9lectriques.<\/p>\n<p>Situ\u00e9 dans l&#8217;une des r\u00e9gions centrales de Lisbonne, \u00e0 proximit\u00e9 du commerce local, des services, des \u00e9coles, des parcs et des jardins. Le projet se trouve \u00e0 3,5 km de l&#8217;A\u00e9roport International de Lisbonne, offrant une facilit\u00e9 de voyage pour les r\u00e9sidents. Les architectes de GRCA ont m\u00e9ticuleusement con\u00e7u le d\u00e9veloppement immobilier pour assurer un environnement de vie sophistiqu\u00e9 et moderne, int\u00e9grant une technologie antisismique pour une s\u00e9curit\u00e9 et une tranquillit\u00e9 accrues.<\/p>\n<h2>Points Forts du Vision Areeiro \u00e0 Lisbonne<\/h2>\n<hr \/>\n<ul>\n<li><strong>Gamme Diversifi\u00e9e d&#8217;Appartements Modernes :<\/strong> Le d\u00e9veloppement immobilier comprend un total de 74 unit\u00e9s avec une vari\u00e9t\u00e9 de typologies, allant des studios aux appartements de quatre chambres et un penthouse unique.<\/li>\n<li><strong>\u00c9quipements et Installations :<\/strong> Vision Areeiro offre des \u00e9quipements contemporains tels qu&#8217;un espace de coworking, une salle de sport bien \u00e9quip\u00e9e avec connectivit\u00e9 sans fil, des points de recharge pour v\u00e9hicules \u00e9lectriques et des fonctionnalit\u00e9s de s\u00e9curit\u00e9 avanc\u00e9es, y compris un interphone vid\u00e9o et des cam\u00e9ras de surveillance CCTV.<\/li>\n<li><strong>Emplacement et Accessibilit\u00e9 de Premier Choix :<\/strong> Situ\u00e9 dans le quartier central d&#8217;Areeiro \u00e0 Lisbonne, le d\u00e9veloppement immobilier offre un acc\u00e8s facile \u00e0 la Pra\u00e7a do Areeiro, au commerce local, aux \u00e9tablissements d&#8217;enseignement et aux installations de transport.<\/li>\n<\/ul>\n<h2>Liste des Caract\u00e9ristiques de la Propri\u00e9t\u00e9 Vision Areeiro<\/h2>\n<hr \/>\n<ul>\n<li><strong>Nom du d\u00e9veloppement immobilier :<\/strong> Vision Areeiro<\/li>\n<li><strong>Type de Propri\u00e9t\u00e9 :<\/strong> d\u00e9veloppement immobilier \/ copropri\u00e9t\u00e9 priv\u00e9e<\/li>\n<li><strong>Pays :<\/strong> Portugal<\/li>\n<li><strong>District :<\/strong> Lisbonne<\/li>\n<li><strong>Ville :<\/strong> Lisbonne<\/li>\n<li><strong>Quartier :<\/strong> Areeiro<\/li>\n<li><strong>\u00c9tages :<\/strong> 12<\/li>\n<li><strong>Total d&#8217;Unit\u00e9s :<\/strong> 74<\/li>\n<li><strong>Typologies :<\/strong> Appartements (studio, une chambre, deux chambres, quatre chambres)\n<ul>\n<li>Studios : 18 unit\u00e9s<\/li>\n<li>Appartements d&#8217;une chambre : 23 unit\u00e9s<\/li>\n<li>Appartements de deux chambres : 27 unit\u00e9s<\/li>\n<li>Appartements de quatre chambres : 6 unit\u00e9s<\/li>\n<\/ul>\n<\/li>\n<li><strong>Acc\u00e8s aux \u00c9tages :<\/strong> Ascenseur<\/li>\n<li><strong>Garage :<\/strong> 1 \u00e0 4 places<\/li>\n<li><strong>Vue :<\/strong> Ville<\/li>\n<li><strong>Distance \u00e0 l&#8217;a\u00e9roport :<\/strong> 3,5 km de l&#8217;A\u00e9roport International de Lisbonne<\/li>\n<li><strong>Avantages :<\/strong> Copropri\u00e9t\u00e9 priv\u00e9e situ\u00e9e \u00e0 Areeiro, \u00e0 proximit\u00e9 du commerce local, de l&#8217;Institut Sup\u00e9rieur Technique, des restaurants et des installations de transport. Comprend une salle de sport et un espace de coworking. Des points de recharge pour v\u00e9hicules \u00e9lectriques sont disponibles.<\/li>\n<li><strong>Surface Int\u00e9rieure Minimale :<\/strong> 47,99 m2<\/li>\n<li><strong>Surface Int\u00e9rieure Maximale :<\/strong> 227,55 m2<\/li>\n<li><strong>Surface Minimale du Balcon :<\/strong> 11,2 m2<\/li>\n<li><strong>Surface Maximale du Balcon :<\/strong> 261,16 m2<\/li>\n<li><strong>Architecte :<\/strong> GRCA<\/li>\n<\/ul>\n","protected":false},"featured_media":100,"template":"","meta":[],"development_location":[4],"class_list":["post-99","developments","type-developments","status-publish","has-post-thumbnail","hentry","development_location-lisbonne"],"_links":{"self":[{"href":"https:\/\/lisbonproperty.com\/fr\/wp-json\/wp\/v2\/developments\/99","targetHints":{"allow":["GET"]}}],"collection":[{"href":"https:\/\/lisbonproperty.com\/fr\/wp-json\/wp\/v2\/developments"}],"about":[{"href":"https:\/\/lisbonproperty.com\/fr\/wp-json\/wp\/v2\/types\/developments"}],"wp:featuredmedia":[{"embeddable":true,"href":"https:\/\/lisbonproperty.com\/fr\/wp-json\/wp\/v2\/media\/100"}],"wp:attachment":[{"href":"https:\/\/lisbonproperty.com\/fr\/wp-json\/wp\/v2\/media?parent=99"}],"wp:term":[{"taxonomy":"development_location","embeddable":true,"href":"https:\/\/lisbonproperty.com\/fr\/wp-json\/wp\/v2\/development_location?post=99"}],"curies":[{"name":"wp","href":"https:\/\/api.w.org\/{rel}","templated":true}]}}