
{"id":40,"date":"2025-01-31T15:53:59","date_gmt":"2025-01-31T15:53:59","guid":{"rendered":"https:\/\/lisbonproperty.com\/fr\/amenagements\/ribeira-garden\/"},"modified":"2026-04-09T17:39:24","modified_gmt":"2026-04-09T17:39:24","slug":"ribeira-garden","status":"publish","type":"developments","link":"https:\/\/lisbonproperty.com\/fr\/residences\/ribeira-garden\/","title":{"rendered":"Ribeira Garden"},"content":{"rendered":"<h2>Ribeira Garden \u2022 Description du condominium r\u00e9sidentiel<\/h2>\n<hr \/>\n<p><figure class=\"wp-block-image\"><img src=\"https:\/\/lisbonproperty.com\/fr\/wp-content\/uploads\/2025\/12\/ribeira-garden-featured.jpg\" width=\"1080\" height=\"720\" class=\"wp-image-41\" alt=\"Ribeira Garden\" srcset=\"https:\/\/lisbonproperty.com\/fr\/wp-content\/uploads\/2025\/12\/ribeira-garden-featured-125x83.jpg 125w, https:\/\/lisbonproperty.com\/fr\/wp-content\/uploads\/2025\/12\/ribeira-garden-featured-150x150.jpg 150w, https:\/\/lisbonproperty.com\/fr\/wp-content\/uploads\/2025\/12\/ribeira-garden-featured-300x200.jpg 300w, https:\/\/lisbonproperty.com\/fr\/wp-content\/uploads\/2025\/12\/ribeira-garden-featured-430x293.jpg 430w, https:\/\/lisbonproperty.com\/fr\/wp-content\/uploads\/2025\/12\/ribeira-garden-featured-768x512.jpg 768w, https:\/\/lisbonproperty.com\/fr\/wp-content\/uploads\/2025\/12\/ribeira-garden-featured-880x586.jpg 880w, https:\/\/lisbonproperty.com\/fr\/wp-content\/uploads\/2025\/12\/ribeira-garden-featured.jpg 1080w\" sizes=\"(max-width: 1080px) 100vw, 1080px\" loading=\"eager\" decoding=\"async\" fetchpriority=\"high\"><\/figure>\n<\/p>\n<p>Le d\u00e9veloppement Ribeira Garden est situ\u00e9 dans le quartier de S\u00e3o Paulo \u00e0 Lisbonne, Portugal. Ce condominium priv\u00e9 comprend un b\u00e2timent d&#8217;angle du XIXe si\u00e8cle r\u00e9nov\u00e9, con\u00e7u par Samuel Torres Carvalho et Nuno Montenegro, avec 37 appartements offrant une vari\u00e9t\u00e9 d&#8217;unit\u00e9s d&#8217;une, deux, trois et quatre chambres avec des surfaces allant de 66 m\u00e8tres carr\u00e9s jusqu&#8217;\u00e0 251 m\u00e8tres carr\u00e9s donnant sur le fleuve Tage.<\/p>\n<p>Chaque appartement de Ribeira Garden est \u00e9quip\u00e9 d&#8217;am\u00e9nagements modernes essentiels et de caract\u00e9ristiques, y compris la climatisation, des baignoires, des d\u00e9tecteurs d&#8217;incendie, des ascenseurs, des fours, des r\u00e9frig\u00e9rateurs, des lave-vaisselle, des lave-linge, des s\u00e8che-linge, des douches, des armoires, des chauffe-eau, des s\u00e8che-serviettes chauffants et des interphones vid\u00e9o. Ces \u00e9l\u00e9ments garantissent une exp\u00e9rience de vie confortable et luxueuse.<\/p>\n<p>Strat\u00e9giquement positionn\u00e9 pour offrir des vues magnifiques sur le fleuve Tage et le jardin de la Pra\u00e7a D. Lu\u00eds I. De plus, son emplacement unique est id\u00e9al pour ceux qui recherchent la commodit\u00e9 et la connectivit\u00e9 \u00e0 14,5 km d&#8217;un terrain de golf, \u00e0 9,6 km de la plage et \u00e0 8 km de l&#8217;a\u00e9roport international de Lisbonne.<\/p>\n<p>La zone entourant le d\u00e9veloppement est vivante et r\u00e9cemment r\u00e9habilit\u00e9e, offrant une vari\u00e9t\u00e9 de services, de restaurants branch\u00e9s et d&#8217;infrastructures de loisirs. Les attractions et commodit\u00e9s \u00e0 proximit\u00e9 sont facilement accessibles, y compris le parc Cais do Sodr\u00e9, le march\u00e9 de Ribeira, le train Cais do Sodr\u00e9, le jardin Ribeira das Naus, Chiado et Baixa, tous accessibles \u00e0 pied.<\/p>\n<h2>Points forts des appartements Ribeira Garden<\/h2>\n<hr \/>\n<ul>\n<li><strong>Emplacement privil\u00e9gi\u00e9 et vues :<\/strong> Situ\u00e9 dans le quartier de S\u00e3o Paulo de la ville de Lisbonne, avec un acc\u00e8s facile \u00e0 diverses attractions locales et commodit\u00e9s de la capitale.<\/li>\n<li><strong>\u00c9l\u00e9gance historique et confort moderne :<\/strong> Ce condominium priv\u00e9, un projet con\u00e7u par Samuel Torres Carvalho et Nuno Montenegro, comprend un b\u00e2timent d&#8217;angle du XIXe si\u00e8cle r\u00e9nov\u00e9, offrant une gamme de types d&#8217;appartements de 1 \u00e0 4 chambres avec de grandes surfaces.<\/li>\n<li><strong>Am\u00e9nagements complets :<\/strong> Les appartements disposent de cuisines enti\u00e8rement \u00e9quip\u00e9es, de salons et de salles \u00e0 manger, et certaines unit\u00e9s ont des balcons et des places de parking.<\/li>\n<\/ul>\n<h2>Liste des caract\u00e9ristiques de la propri\u00e9t\u00e9 Ribeira Garden<\/h2>\n<hr \/>\n<ul>\n<li><strong>Nom du d\u00e9veloppement :<\/strong> Ribeira Garden<\/li>\n<li><strong>Type :<\/strong> D\u00e9veloppement\/ Condominium priv\u00e9<\/li>\n<li><strong>Pays :<\/strong> Portugal<\/li>\n<li><strong>District :<\/strong> Lisbonne<\/li>\n<li><strong>Ville :<\/strong> Lisbonne<\/li>\n<li><strong>Quartier :<\/strong> S\u00e3o Paulo<\/li>\n<li><strong>\u00c9tages :<\/strong> 5<\/li>\n<li><strong>Unit\u00e9s :<\/strong> 37 appartements<\/li>\n<li><strong>Types de propri\u00e9t\u00e9 :<\/strong> Appartements d&#8217;une, deux, trois et quatre chambres<\/li>\n<li><strong>Distribution des unit\u00e9s :<\/strong>\n<ul>\n<li>Appartements d&#8217;une chambre : 19 unit\u00e9s<\/li>\n<li>Appartements de deux chambres : 11 unit\u00e9s<\/li>\n<li>Appartements de trois chambres : 4 unit\u00e9s<\/li>\n<li>Appartements de quatre chambres : 5 unit\u00e9s<\/li>\n<\/ul>\n<\/li>\n<li><strong>Installations &#038; Commodit\u00e9s :<\/strong>\n<ul>\n<li>Acc\u00e8s ascenseur<\/li>\n<li>Parking : 1 place de stationnement<\/li>\n<\/ul>\n<\/li>\n<li><strong>Vues :<\/strong> Sur le fleuve Tage et le jardin de la Pra\u00e7a D. Luis I<\/li>\n<li><strong>Distance au golf :<\/strong> 14,5 km<\/li>\n<li><strong>Distance \u00e0 la plage :<\/strong> 9,6 km<\/li>\n<li><strong>Distance \u00e0 l&#8217;a\u00e9roport :<\/strong> 8 km de l&#8217;a\u00e9roport international de Lisbonne<\/li>\n<li><strong>Surface int\u00e9rieure minimale :<\/strong> 66 m\u00b2<\/li>\n<li><strong>Surface int\u00e9rieure maximale :<\/strong> 251 m\u00b2<\/li>\n<li><strong>Surface minimale du balcon :<\/strong> 1 m\u00b2<\/li>\n<li><strong>Surface maximale du balcon :<\/strong> 22 m\u00b2<\/li>\n<li><strong>Informations suppl\u00e9mentaires :<\/strong> Condominium priv\u00e9 situ\u00e9 pr\u00e8s du fleuve Tage, b\u00e2timent du XIXe si\u00e8cle r\u00e9cup\u00e9r\u00e9, \u00e0 une courte distance de toutes les commodit\u00e9s<\/li>\n<li><strong>Architectes :<\/strong> Samuel Torres Carvalho et Nuno Montenegro<\/li>\n<\/ul>\n","protected":false},"featured_media":41,"template":"","meta":[],"development_location":[4],"class_list":["post-40","developments","type-developments","status-publish","has-post-thumbnail","hentry","development_location-lisbonne"],"_links":{"self":[{"href":"https:\/\/lisbonproperty.com\/fr\/wp-json\/wp\/v2\/developments\/40","targetHints":{"allow":["GET"]}}],"collection":[{"href":"https:\/\/lisbonproperty.com\/fr\/wp-json\/wp\/v2\/developments"}],"about":[{"href":"https:\/\/lisbonproperty.com\/fr\/wp-json\/wp\/v2\/types\/developments"}],"wp:featuredmedia":[{"embeddable":true,"href":"https:\/\/lisbonproperty.com\/fr\/wp-json\/wp\/v2\/media\/41"}],"wp:attachment":[{"href":"https:\/\/lisbonproperty.com\/fr\/wp-json\/wp\/v2\/media?parent=40"}],"wp:term":[{"taxonomy":"development_location","embeddable":true,"href":"https:\/\/lisbonproperty.com\/fr\/wp-json\/wp\/v2\/development_location?post=40"}],"curies":[{"name":"wp","href":"https:\/\/api.w.org\/{rel}","templated":true}]}}