
{"id":246,"date":"2025-12-31T15:54:43","date_gmt":"2025-12-31T15:54:43","guid":{"rendered":"https:\/\/lisbonproperty.com\/fr\/amenagements\/elou-jardins\/"},"modified":"2026-04-09T17:39:49","modified_gmt":"2026-04-09T17:39:49","slug":"elou-jardins","status":"publish","type":"developments","link":"https:\/\/lisbonproperty.com\/fr\/residences\/elou-jardins\/","title":{"rendered":"\u00c9lou Jardins"},"content":{"rendered":"<figure class=\"wp-block-image\"><img src=\"https:\/\/lisbonproperty.com\/fr\/wp-content\/uploads\/2025\/12\/development-elou-jardins-featured.jpg\" width=\"1280\" height=\"853\" class=\"wp-image-247\" alt=\"D\u00e9veloppement immobilier Elou Jardins\" srcset=\"https:\/\/lisbonproperty.com\/fr\/wp-content\/uploads\/2025\/12\/development-elou-jardins-featured-125x83.jpg 125w, https:\/\/lisbonproperty.com\/fr\/wp-content\/uploads\/2025\/12\/development-elou-jardins-featured-150x150.jpg 150w, https:\/\/lisbonproperty.com\/fr\/wp-content\/uploads\/2025\/12\/development-elou-jardins-featured-300x200.jpg 300w, https:\/\/lisbonproperty.com\/fr\/wp-content\/uploads\/2025\/12\/development-elou-jardins-featured-430x293.jpg 430w, https:\/\/lisbonproperty.com\/fr\/wp-content\/uploads\/2025\/12\/development-elou-jardins-featured-768x512.jpg 768w, https:\/\/lisbonproperty.com\/fr\/wp-content\/uploads\/2025\/12\/development-elou-jardins-featured-880x586.jpg 880w, https:\/\/lisbonproperty.com\/fr\/wp-content\/uploads\/2025\/12\/development-elou-jardins-featured.jpg 1280w\" sizes=\"(max-width: 1280px) 100vw, 1280px\" loading=\"eager\" decoding=\"async\" fetchpriority=\"high\"><\/figure>\n<h2>\u00c9lou Jardins \u2022 D\u00e9veloppement Immobilier \u00e0 Loures<\/h2>\n<hr \/>\n<p class=\"are-home-p\"><strong>\u00c9lou Jardins<\/strong> est une <a title=\"copropri\u00e9t\u00e9 priv\u00e9e situ\u00e9e pr\u00e8s de Lisbonne\" href=\"https:\/\/lisbonproperty.com\/fr\/residences-a-lisbonne\/\">copropri\u00e9t\u00e9 priv\u00e9e situ\u00e9e pr\u00e8s de Lisbonne<\/a> \u00e0 Santo Ant\u00f3nio dos Cavaleiros, Loures, \u00e0 moins de 10 km de l&#8217;a\u00e9roport international de Lisbonne et du pont Vasco da Gama. Ce d\u00e9veloppement se compose de 304 appartements modernes allant d&#8217;une \u00e0 quatre chambres, avec des surfaces int\u00e9rieures comprises entre 63 et 169 m\u00e8tres carr\u00e9s.<br \/>\n<a title=\"Appartements \u00c9lou Jardins \u00e0 Loures, Lisbonne\" href=\"https:\/\/lisbonproperty.com\/fr\/elou-jardins\/#\u00c9louJardinsHomesforsale\">(Voir les appartements \u00c9lou Jardins)<\/a><\/p>\n<h3>Caract\u00e9ristiques de la copropri\u00e9t\u00e9 \u00c9lou Jardins<\/h3>\n<p class=\"are-home-p\">Le projet <strong>\u00c9lou Jardins<\/strong> a \u00e9t\u00e9 con\u00e7u par une \u00e9quipe dirig\u00e9e par l&#8217;architecte Cristina Rocheta. Tous les appartements disposent de grandes fen\u00eatres et de balcons, de la climatisation, d&#8217;armoires encastr\u00e9es, de cuisines enti\u00e8rement \u00e9quip\u00e9es et d&#8217;un acc\u00e8s \u00e0 un parking souterrain priv\u00e9 avec pr\u00e9-installation pour la recharge de v\u00e9hicules \u00e9lectriques.<\/p>\n<p class=\"are-home-p\">La copropri\u00e9t\u00e9 offre une gamme d&#8217;\u00e9quipements, dont une piscine commune, une salle de sport enti\u00e8rement \u00e9quip\u00e9e, une salle polyvalente et un hall d&#8217;entr\u00e9e d\u00e9cor\u00e9. Les espaces ext\u00e9rieurs comprennent des zones de loisirs vertes et des jardins.<\/p>\n<h3>Emplacement de la copropri\u00e9t\u00e9 \u00c9lou Jardins<\/h3>\n<p class=\"are-home-p\"><strong>\u00c9lou Jardins<\/strong> est une communaut\u00e9 ferm\u00e9e situ\u00e9e pr\u00e8s des principales autoroutes (A1, A8, A9 et A16), offrant un excellent acc\u00e8s \u00e0 Lisbonne et \u00e0 d&#8217;autres r\u00e9gions du Portugal. Une nouvelle station de m\u00e9tro, Torres da Bela Vista, est accessible \u00e0 pied et relie directement Odivelas et le centre de Lisbonne. La zone b\u00e9n\u00e9ficie \u00e9galement d&#8217;un r\u00e9seau de transports publics complet, d&#8217;\u00e9coles, de salles de sport, de services de sant\u00e9 et d&#8217;options commerciales.<\/p>\n<h2>Points forts des appartements \u00c9lou Jardins<\/h2>\n<hr \/>\n<ul>\n<li style=\"list-style-type: none;\">\n<ul>\n<li><strong>Emplacement avec excellente connectivit\u00e9<\/strong> : \u00c9lou Jardins est situ\u00e9 \u00e0 Santo Ant\u00f3nio dos Cavaleiros, Loures, \u00e0 quelques minutes de Lisbonne. Il offre un acc\u00e8s pratique aux principales autoroutes (A1, A8, A9 et A16), se trouve \u00e0 moins de 10 km de l&#8217;a\u00e9roport international de Lisbonne et \u00e0 distance de marche de la future station de m\u00e9tro Torres da Bela Vista, assurant une connectivit\u00e9 sans faille vers Lisbonne et au-del\u00e0.<\/li>\n<li><strong>Appartements modernes avec finitions de haute qualit\u00e9<\/strong> : Le d\u00e9veloppement compte 304 appartements allant du T1 au T4, avec des surfaces g\u00e9n\u00e9reuses. Les appartements sont con\u00e7us avec d&#8217;excellentes finitions, une climatisation \u00e9conome en \u00e9nergie, des cuisines enti\u00e8rement \u00e9quip\u00e9es, de grandes fen\u00eatres et des balcons priv\u00e9s.<\/li>\n<li><strong>\u00c9quipements complets dans une copropri\u00e9t\u00e9 priv\u00e9e<\/strong> : Les r\u00e9sidents b\u00e9n\u00e9ficient d&#8217;une piscine, d&#8217;une salle de sport, d&#8217;une salle polyvalente, d&#8217;un hall d&#8217;entr\u00e9e d\u00e9cor\u00e9, d&#8217;un parking souterrain avec \u00e9quipement pour la recharge des v\u00e9hicules \u00e9lectriques et de vastes espaces verts et de loisirs.<\/li>\n<\/ul>\n<\/li>\n<\/ul>\n<h2>Liste des caract\u00e9ristiques de la propri\u00e9t\u00e9 \u00c9lou Jardins<\/h2>\n<hr \/>\n<ul>\n<li><strong>Nom du d\u00e9veloppement<\/strong> : Elou Jardins<\/li>\n<li><strong>Type de propri\u00e9t\u00e9<\/strong> : D\u00e9veloppement \/ Copropri\u00e9t\u00e9 priv\u00e9e<\/li>\n<li><strong>Pays<\/strong>: Portugal<\/li>\n<li><strong>District<\/strong>: Lisbonne<\/li>\n<li><strong>Ville<\/strong> : Loures<\/li>\n<li><strong>Quartier<\/strong> : Santo Ant\u00f3nio dos Cavaleiros<\/li>\n<li><strong>\u00c9tages<\/strong> : 7<\/li>\n<li><strong>Total d&#8217;unit\u00e9s<\/strong> : 304 appartements<\/li>\n<li><strong>Typologies d&#8217;appartements<\/strong> : Appartements avec 1, 2, 3 et 4 chambres<\/li>\n<li><strong>Acc\u00e8s aux \u00e9tages<\/strong> : Ascenseur<\/li>\n<li><strong>Piscine<\/strong> : Oui<\/li>\n<li><strong>Balcon priv\u00e9<\/strong> : Oui<\/li>\n<li><strong>Garage<\/strong> : 2 places de parking par unit\u00e9<\/li>\n<li><strong>Vue<\/strong> : Vues sur le jardin et la piscine<\/li>\n<li><strong>Distance du terrain de golf<\/strong> : 9 km<\/li>\n<li><strong>Distance de la plage<\/strong> : 18,6 km<\/li>\n<li><strong>Distance de l&#8217;a\u00e9roport<\/strong> : 12 km de l&#8217;a\u00e9roport international de Lisbonne<\/li>\n<li><strong>Avantages<\/strong> : Copropri\u00e9t\u00e9 priv\u00e9e avec piscine, salle de sport, salle polyvalente, hall d&#8217;entr\u00e9e d\u00e9cor\u00e9, parking priv\u00e9 et bon acc\u00e8s au centre-ville<\/li>\n<li><strong>Surface int\u00e9rieure minimum<\/strong> : 63 m\u00b2<\/li>\n<li><strong>Surface int\u00e9rieure maximum<\/strong> : 169 m\u00b2<\/li>\n<li><strong>Surface minimale du balcon<\/strong> : 8 m\u00b2<\/li>\n<li><strong>Surface maximale du balcon<\/strong> : 89 m\u00b2<\/li>\n<li><strong>Architecte<\/strong> : Cristina Rocheta<\/li>\n<\/ul>\n","protected":false},"featured_media":248,"template":"","meta":[],"development_location":[4],"class_list":["post-246","developments","type-developments","status-publish","has-post-thumbnail","hentry","development_location-lisbonne"],"_links":{"self":[{"href":"https:\/\/lisbonproperty.com\/fr\/wp-json\/wp\/v2\/developments\/246","targetHints":{"allow":["GET"]}}],"collection":[{"href":"https:\/\/lisbonproperty.com\/fr\/wp-json\/wp\/v2\/developments"}],"about":[{"href":"https:\/\/lisbonproperty.com\/fr\/wp-json\/wp\/v2\/types\/developments"}],"wp:featuredmedia":[{"embeddable":true,"href":"https:\/\/lisbonproperty.com\/fr\/wp-json\/wp\/v2\/media\/248"}],"wp:attachment":[{"href":"https:\/\/lisbonproperty.com\/fr\/wp-json\/wp\/v2\/media?parent=246"}],"wp:term":[{"taxonomy":"development_location","embeddable":true,"href":"https:\/\/lisbonproperty.com\/fr\/wp-json\/wp\/v2\/development_location?post=246"}],"curies":[{"name":"wp","href":"https:\/\/api.w.org\/{rel}","templated":true}]}}