
{"id":209,"date":"2025-01-31T15:54:43","date_gmt":"2025-01-31T15:54:43","guid":{"rendered":"https:\/\/lisbonproperty.com\/fr\/amenagements\/alba\/"},"modified":"2026-04-09T17:39:51","modified_gmt":"2026-04-09T17:39:51","slug":"alba","status":"publish","type":"developments","link":"https:\/\/lisbonproperty.com\/fr\/residences\/alba\/","title":{"rendered":"Alba"},"content":{"rendered":"<figure class=\"wp-block-image\"><img src=\"https:\/\/lisbonproperty.com\/fr\/wp-content\/uploads\/2025\/12\/development-alba-featured.jpg\" width=\"1280\" height=\"853\" class=\"wp-image-210\" alt=\"D\u00e9veloppement immobilier Alba\" srcset=\"https:\/\/lisbonproperty.com\/fr\/wp-content\/uploads\/2025\/12\/development-alba-featured-125x83.jpg 125w, https:\/\/lisbonproperty.com\/fr\/wp-content\/uploads\/2025\/12\/development-alba-featured-150x150.jpg 150w, https:\/\/lisbonproperty.com\/fr\/wp-content\/uploads\/2025\/12\/development-alba-featured-300x200.jpg 300w, https:\/\/lisbonproperty.com\/fr\/wp-content\/uploads\/2025\/12\/development-alba-featured-430x293.jpg 430w, https:\/\/lisbonproperty.com\/fr\/wp-content\/uploads\/2025\/12\/development-alba-featured-768x512.jpg 768w, https:\/\/lisbonproperty.com\/fr\/wp-content\/uploads\/2025\/12\/development-alba-featured-880x586.jpg 880w, https:\/\/lisbonproperty.com\/fr\/wp-content\/uploads\/2025\/12\/development-alba-featured.jpg 1280w\" sizes=\"(max-width: 1280px) 100vw, 1280px\" loading=\"eager\" decoding=\"async\" fetchpriority=\"high\"><figcaption>D\u00e9veloppement immobilier Alba<\/figcaption><\/figure>\n<h2>Alba \u2022 D\u00e9veloppement Immobilier \u00e0 Lisbonne<\/h2>\n<hr \/>\n<p class=\"are-home-p\"><strong>Alba<\/strong> est un <a title=\"d\u00e9veloppement r\u00e9sidentiel de maisons de ville \u00e0 Lisbonne\" href=\"https:\/\/lisbonproperty.com\/fr\/residences-a-lisbonne\/\">d\u00e9veloppement r\u00e9sidentiel de maisons de ville \u00e0 Lisbonne<\/a>, dans le <a title=\"quartier de Marvila\" href=\"https:\/\/lisbonproperty.com\/fr\/marvila\/\">quartier de Marvila<\/a>, au Portugal. Il comprend cinq maisons de ville ind\u00e9pendantes de 3 chambres, chacune avec environ 200 m\u00e8tres carr\u00e9s d&#8217;espace int\u00e9rieur, ainsi que des espaces ext\u00e9rieurs. Le projet provient de la r\u00e9novation d&#8217;un ancien entrep\u00f4t destin\u00e9 au stockage des mat\u00e9riaux de construction. L&#8217;aspect original du b\u00e2timent a \u00e9t\u00e9 conserv\u00e9 pour montrer son histoire.<br \/>\nAller \u00e0 <a title=\"Maisons de ville Alba\" href=\"https:\/\/lisbonproperty.com\/fr\/alba\/#AlbaHomesforsale\">Maisons de ville Alba<\/a><\/p>\n<h3>Caract\u00e9ristiques des maisons de ville Alba<\/h3>\n<p class=\"are-home-p\">Chaque maison de ville de la copropri\u00e9t\u00e9 <strong>Alba<\/strong> comporte trois \u00e9tages. Le rez-de-chauss\u00e9e dispose d&#8217;un espace social qui m\u00e8ne \u00e0 un espace ext\u00e9rieur priv\u00e9. Le premier \u00e9tage comprend une suite parentale et un bureau. Le deuxi\u00e8me \u00e9tage offre diff\u00e9rentes options d&#8217;am\u00e9nagement et comprend toujours une terrasse priv\u00e9e.<\/p>\n<p class=\"are-home-p\">Toutes les villas disposent de fen\u00eatres \u00e0 double vitrage, de la climatisation et d&#8217;un chauffage \u00e9lectrique au sol.<\/p>\n<h3>Emplacement du d\u00e9veloppement Alba<\/h3>\n<p class=\"are-home-p\"><strong>Alba<\/strong> est situ\u00e9 \u00e0 Marvila, un quartier de Lisbonne \u00e0 seulement 5,3 km (3,3 mi) de l&#8217;a\u00e9roport international de Lisbonne et \u00e0 seulement 8 minutes du centre-ville de Lisbonne. Le quartier est un m\u00e9lange d&#8217;anciens b\u00e2timents industriels et de nouveaux projets cr\u00e9atifs. On le compare au Meatpacking District de New York ou \u00e0 Shoreditch de Londres car il compte de nombreuses galeries d&#8217;art, restaurants et lieux culturels. C&#8217;est \u00e9galement le si\u00e8ge du Hub Criativo do Beato, qui sera l&#8217;un des plus grands p\u00f4les de startups au monde.<\/p>\n<h3>Architecture du projet Alba<\/h3>\n<p class=\"are-home-p\">Le projet <strong>Alba,<\/strong> con\u00e7u par l&#8217;architecte Miguel Abecasis, exploite les caract\u00e9ristiques uniques du b\u00e2timent original. Les logements ont de hauts plafonds et des espaces ext\u00e9rieurs priv\u00e9s, y compris un jardin vertical. Le design int\u00e9rieur m\u00e9lange des \u00e9l\u00e9ments industriels comme des cadres m\u00e9talliques et des surfaces textur\u00e9es avec des mat\u00e9riaux en bois et des formes lisses.<\/p>\n<h2>Points forts des maisons de ville Alba<\/h2>\n<hr \/>\n<ul>\n<li><strong>Restauration d&#8217;un entrep\u00f4t historique<\/strong> : La copropri\u00e9t\u00e9 Alba est un projet r\u00e9sidentiel qui transforme un ancien entrep\u00f4t en maisons de ville modernes de 3 chambres tout en pr\u00e9servant les \u00e9l\u00e9ments architecturaux d&#8217;origine.<\/li>\n<li><strong>Am\u00e9nagements flexibles et \u00e9quipements modernes<\/strong> : Chaque maison de ville dispose de hauts plafonds, d&#8217;une terrasse priv\u00e9e et d&#8217;un balcon, de fen\u00eatres \u00e0 double vitrage, de la climatisation et d&#8217;un chauffage \u00e9lectrique au sol.<\/li>\n<\/ul>\n<h2>Liste des caract\u00e9ristiques des propri\u00e9t\u00e9s des maisons de ville Alba<\/h2>\n<hr \/>\n<ul>\n<li><strong>Nom du d\u00e9veloppement<\/strong> : Alba<\/li>\n<li><strong>Type de propri\u00e9t\u00e9<\/strong> : D\u00e9veloppement \/ Copropri\u00e9t\u00e9 priv\u00e9e<\/li>\n<li><strong>Pays<\/strong>: Portugal<\/li>\n<li><strong>District<\/strong>: Lisbonne<\/li>\n<li><strong>Ville<\/strong> : Lisbonne<\/li>\n<li><strong>Quartier<\/strong> : Marvila<\/li>\n<li><strong>\u00c9tages<\/strong> : 3<\/li>\n<li><strong>Type<\/strong> : Maisons de ville<\/li>\n<li><strong>Nombre total d&#8217;unit\u00e9s<\/strong> : 5<\/li>\n<li><strong>Typologies<\/strong> : 3 chambres<\/li>\n<li><strong>Acc\u00e8s aux \u00e9tages<\/strong> : Escaliers<\/li>\n<li><strong>Balcon priv\u00e9<\/strong> : Oui<\/li>\n<li><strong>Jardin priv\u00e9<\/strong> : Oui<\/li>\n<li><strong>Vue<\/strong> : Jardin<\/li>\n<li><strong>Distance du golf<\/strong> : 9,5 km (5,9 Mi)<\/li>\n<li><strong>Distance de la plage<\/strong> : 15 km (9,3 Mi)<\/li>\n<li><strong>Distance de l&#8217;a\u00e9roport<\/strong> : 5,3 km (3,3 Mi) de l&#8217;a\u00e9roport international de Lisbonne<\/li>\n<li><strong>Avantages<\/strong> : Copropri\u00e9t\u00e9 priv\u00e9e avec hauts plafonds dans toutes les unit\u00e9s<\/li>\n<li><strong>Surface int\u00e9rieure minimale<\/strong> : 207,2 m\u00b2<\/li>\n<li><strong>Surface int\u00e9rieure maximale<\/strong> : 219,6 m\u00b2<\/li>\n<li><strong>Surface de balcon minimale<\/strong>: 24 m\u00b2<\/li>\n<li><strong>Surface de balcon maximale<\/strong> : 26 m\u00b2<\/li>\n<li><strong>Architecte<\/strong> : Miguel Abecasis<\/li>\n<\/ul>\n","protected":false},"featured_media":211,"template":"","meta":[],"development_location":[4],"class_list":["post-209","developments","type-developments","status-publish","has-post-thumbnail","hentry","development_location-lisbonne"],"_links":{"self":[{"href":"https:\/\/lisbonproperty.com\/fr\/wp-json\/wp\/v2\/developments\/209","targetHints":{"allow":["GET"]}}],"collection":[{"href":"https:\/\/lisbonproperty.com\/fr\/wp-json\/wp\/v2\/developments"}],"about":[{"href":"https:\/\/lisbonproperty.com\/fr\/wp-json\/wp\/v2\/types\/developments"}],"wp:featuredmedia":[{"embeddable":true,"href":"https:\/\/lisbonproperty.com\/fr\/wp-json\/wp\/v2\/media\/211"}],"wp:attachment":[{"href":"https:\/\/lisbonproperty.com\/fr\/wp-json\/wp\/v2\/media?parent=209"}],"wp:term":[{"taxonomy":"development_location","embeddable":true,"href":"https:\/\/lisbonproperty.com\/fr\/wp-json\/wp\/v2\/development_location?post=209"}],"curies":[{"name":"wp","href":"https:\/\/api.w.org\/{rel}","templated":true}]}}