
{"id":172,"date":"2026-01-01T23:00:59","date_gmt":"2026-01-01T23:00:59","guid":{"rendered":"https:\/\/lisbonproperty.com\/fr\/amenagements\/oliving\/"},"modified":"2026-04-09T17:39:44","modified_gmt":"2026-04-09T17:39:44","slug":"oliving","status":"publish","type":"developments","link":"https:\/\/lisbonproperty.com\/fr\/residences\/oliving\/","title":{"rendered":"O&#8217;Living"},"content":{"rendered":"<h2>O&#8217;Living &bull; Nouvelles R\u00e9sidences Urbaines \u00e0 Lisbonne<\/h2>\n<hr>\n<p><figure class=\"wp-block-image\"><img src=\"https:\/\/lisbonproperty.com\/fr\/wp-content\/uploads\/2025\/12\/oliving-lisbon-development-1080x721-1.jpg\" width=\"1080\" height=\"721\" class=\"wp-image-173\" alt=\"O&#039;Living Lisbonne\" srcset=\"https:\/\/lisbonproperty.com\/fr\/wp-content\/uploads\/2025\/12\/oliving-lisbon-development-1080x721-1-125x83.jpg 125w, https:\/\/lisbonproperty.com\/fr\/wp-content\/uploads\/2025\/12\/oliving-lisbon-development-1080x721-1-150x150.jpg 150w, https:\/\/lisbonproperty.com\/fr\/wp-content\/uploads\/2025\/12\/oliving-lisbon-development-1080x721-1-300x200.jpg 300w, https:\/\/lisbonproperty.com\/fr\/wp-content\/uploads\/2025\/12\/oliving-lisbon-development-1080x721-1-430x293.jpg 430w, https:\/\/lisbonproperty.com\/fr\/wp-content\/uploads\/2025\/12\/oliving-lisbon-development-1080x721-1-768x513.jpg 768w, https:\/\/lisbonproperty.com\/fr\/wp-content\/uploads\/2025\/12\/oliving-lisbon-development-1080x721-1-880x586.jpg 880w, https:\/\/lisbonproperty.com\/fr\/wp-content\/uploads\/2025\/12\/oliving-lisbon-development-1080x721-1.jpg 1080w\" sizes=\"(max-width: 1080px) 100vw, 1080px\" loading=\"eager\" decoding=\"async\" fetchpriority=\"high\"><\/figure>\n<\/p>\n<p><strong>O&#8217;Living<\/strong> est un nouveau projet de construction durable dans la zone du <strong>Parque das Na\u00e7\u00f5es<\/strong>, pr\u00e8s de la Gare do Oriente et du fleuve Tage dans la ville de Lisbonne, Portugal. Con\u00e7u par l&#8217;architecte Miguel Saraiva <strong>de Saraiva e Associados<\/strong>, le projet se compose de deux nouveaux b\u00e2timents, chacun abritant 43 appartements (86 au total) et des espaces commerciaux. Les configurations des appartements vont de deux chambres \u00e0 des duplex de trois chambres (dont 4 sont des penthouses), avec des <strong>surfaces variant entre 66 m\u00b2 et 216 m\u00b2<\/strong>.<\/p>\n<h3>Caract\u00e9ristiques Immobili\u00e8res de O&#8217;Living<\/h3>\n<p>Chaque appartement dispose du chauffage central, de la climatisation r\u00e9versible, de fen\u00eatres \u00e0 double vitrage pour une isolation thermique et acoustique renforc\u00e9e, de d\u00e9tecteurs de fum\u00e9e, de placards int\u00e9gr\u00e9s et de cuisines \u00e9quip\u00e9es. Les caract\u00e9ristiques suppl\u00e9mentaires incluent l&#8217;acc\u00e8s pour les personnes handicap\u00e9es, des syst\u00e8mes d&#8217;alarme et des installations pour la recharge de v\u00e9hicules \u00e9lectriques.<\/p>\n<p>Les int\u00e9rieurs sont con\u00e7us pour maximiser la lumi\u00e8re naturelle, gr\u00e2ce aux grandes fen\u00eatres, balcons ou terrasses qui caract\u00e9risent la fa\u00e7ade des b\u00e2timents, faisant de cette propri\u00e9t\u00e9 le choix id\u00e9al pour les familles, les jeunes couples ou les investisseurs.<\/p>\n<p>Les r\u00e9sidents b\u00e9n\u00e9ficieront d&#8217;installations de stationnement souterrain, garantissant confort et s\u00e9curit\u00e9.<\/p>\n<h3>Emplacement de O&#8217;Living<\/h3>\n<p>L&#8217;emplacement privil\u00e9gi\u00e9 offre des avantages significatifs gr\u00e2ce \u00e0 sa proximit\u00e9 avec les zones commerciales et le centre commercial, les parcs de loisirs, les installations culturelles et les vastes r\u00e9seaux de transport public. La zone est bien connect\u00e9e par les principales autoroutes telles que l&#8217;A1, l&#8217;A8, l&#8217;A12 et la 2\u00aa circular, facilitant l&#8217;acc\u00e8s vers et depuis la ville.<\/p>\n<h2>Points Forts des Appartements O&#8217;Living<\/h2>\n<hr>\n<ul>\n<li><strong>Emplacement Strat\u00e9gique<\/strong> : Le d\u00e9veloppement O&#8217;Living est situ\u00e9 \u00e0 c\u00f4t\u00e9 du Parque das Na\u00e7\u00f5es et des points de rep\u00e8re cl\u00e9s tels que la Gare do Oriente, l&#8217;a\u00e9roport de Lisbonne et le fleuve Tage.<\/li>\n<li><strong>Qualit\u00e9 et Durabilit\u00e9<\/strong> : Le nouveau d\u00e9veloppement privil\u00e9gie des pratiques de construction durables et utilise des mat\u00e9riaux de haute qualit\u00e9 d&#8217;origine nationale. Chaque appartement dispose du chauffage central, de la climatisation r\u00e9versible et de fen\u00eatres \u00e0 double vitrage, assurant confort, efficacit\u00e9 \u00e9nerg\u00e9tique et impact environnemental r\u00e9duit.<\/li>\n<\/ul>\n<h2>Liste des Caract\u00e9ristiques de la Propri\u00e9t\u00e9 O&#8217;Living<\/h2>\n<hr>\n<ul>\n<li><strong>Nom du D\u00e9veloppement<\/strong> : O&#8217;Living<\/li>\n<li><strong>Type de Propri\u00e9t\u00e9<\/strong> : D\u00e9veloppement\/Condominium Priv\u00e9<\/li>\n<li><strong>Pays<\/strong> : Portugal<\/li>\n<li><strong>District<\/strong> : Lisbonne<\/li>\n<li><strong>Ville<\/strong> : Lisbonne<\/li>\n<li><strong>Quartier<\/strong> : Parque das Na\u00e7\u00f5es<\/li>\n<li><strong>Ann\u00e9e de Construction<\/strong> : 2024<\/li>\n<li><strong>\u00c9tages<\/strong> : 8<\/li>\n<li><strong>Total des Unit\u00e9s<\/strong> : 86<\/li>\n<li><strong>B\u00e2timents<\/strong> : 2 b\u00e2timents avec 43 appartements chacun<\/li>\n<li><strong>Typologies<\/strong> : Ap<\/li>\n<li><strong>Acc\u00e8s aux \u00c9tages<\/strong> : Ascenseur<\/li>\n<li><strong>Balcon Priv\u00e9<\/strong> : Oui<\/li>\n<li><strong>Garage<\/strong> : 1 \u00e0 2 places de parking<\/li>\n<li><strong>Vue<\/strong> : Ville<\/li>\n<li><strong>Distance du Terrain de Golf<\/strong> : 10,5 km<\/li>\n<li><strong>Distance de la Plage<\/strong> : 18,5 km<\/li>\n<li><strong>Distance de l&#8217;A\u00e9roport<\/strong> : 2,5 km de l&#8217;A\u00e9roport International de Lisbonne<\/li>\n<li><strong>Caract\u00e9ristiques<\/strong> : Condominium priv\u00e9 avec parking et rangement pour v\u00e9los. Penthouses duplex avec terrasses priv\u00e9es et exclusives. Grands balcons.<\/li>\n<li><strong>Description de l&#8217;Emplacement<\/strong> : Situ\u00e9 pr\u00e8s de Parque das Na\u00e7\u00f5es, Gare do Oriente et du fleuve Tage.<\/li>\n<li><strong>Surface Int\u00e9rieure Minimale<\/strong> : 66 m\u00b2<\/li>\n<li><strong>Surface Int\u00e9rieure Maximale<\/strong> : 216 m\u00b2<\/li>\n<li><strong>Surface de Balcon Minimale<\/strong> : 7 m\u00b2<\/li>\n<li><strong>Surface de Balcon Maximale<\/strong> : 23,5 m\u00b2<\/li>\n<li><strong>Architecte<\/strong> : Saraiva + Associados<\/li>\n<\/ul>\n","protected":false},"featured_media":174,"template":"","meta":[],"development_location":[4],"class_list":["post-172","developments","type-developments","status-publish","has-post-thumbnail","hentry","development_location-lisbonne"],"_links":{"self":[{"href":"https:\/\/lisbonproperty.com\/fr\/wp-json\/wp\/v2\/developments\/172","targetHints":{"allow":["GET"]}}],"collection":[{"href":"https:\/\/lisbonproperty.com\/fr\/wp-json\/wp\/v2\/developments"}],"about":[{"href":"https:\/\/lisbonproperty.com\/fr\/wp-json\/wp\/v2\/types\/developments"}],"wp:featuredmedia":[{"embeddable":true,"href":"https:\/\/lisbonproperty.com\/fr\/wp-json\/wp\/v2\/media\/174"}],"wp:attachment":[{"href":"https:\/\/lisbonproperty.com\/fr\/wp-json\/wp\/v2\/media?parent=172"}],"wp:term":[{"taxonomy":"development_location","embeddable":true,"href":"https:\/\/lisbonproperty.com\/fr\/wp-json\/wp\/v2\/development_location?post=172"}],"curies":[{"name":"wp","href":"https:\/\/api.w.org\/{rel}","templated":true}]}}