
{"id":148,"date":"2025-01-31T15:54:19","date_gmt":"2025-01-31T15:54:19","guid":{"rendered":"https:\/\/lisbonproperty.com\/fr\/amenagements\/vertice\/"},"modified":"2026-04-09T17:39:42","modified_gmt":"2026-04-09T17:39:42","slug":"vertice","status":"publish","type":"developments","link":"https:\/\/lisbonproperty.com\/fr\/residences\/vertice\/","title":{"rendered":"Vertice"},"content":{"rendered":"<h2>Appartements Vertice Lisbonne<\/h2>\n<hr>\n<figure class=\"wp-block-image\"><img src=\"https:\/\/lisbonproperty.com\/fr\/wp-content\/uploads\/2025\/12\/vertice-apartments-lisbon-development.jpg\" width=\"1400\" height=\"934\" class=\"wp-image-149\" alt=\"Vertice, appartements \u00e0 Lisbonne\" srcset=\"https:\/\/lisbonproperty.com\/fr\/wp-content\/uploads\/2025\/12\/vertice-apartments-lisbon-development-125x83.jpg 125w, https:\/\/lisbonproperty.com\/fr\/wp-content\/uploads\/2025\/12\/vertice-apartments-lisbon-development-150x150.jpg 150w, https:\/\/lisbonproperty.com\/fr\/wp-content\/uploads\/2025\/12\/vertice-apartments-lisbon-development-300x200.jpg 300w, https:\/\/lisbonproperty.com\/fr\/wp-content\/uploads\/2025\/12\/vertice-apartments-lisbon-development-430x293.jpg 430w, https:\/\/lisbonproperty.com\/fr\/wp-content\/uploads\/2025\/12\/vertice-apartments-lisbon-development-768x512.jpg 768w, https:\/\/lisbonproperty.com\/fr\/wp-content\/uploads\/2025\/12\/vertice-apartments-lisbon-development-880x586.jpg 880w, https:\/\/lisbonproperty.com\/fr\/wp-content\/uploads\/2025\/12\/vertice-apartments-lisbon-development.jpg 1400w\" sizes=\"(max-width: 1400px) 100vw, 1400px\" loading=\"eager\" decoding=\"async\" fetchpriority=\"high\"><\/figure>\n<p>Vertice est un nouveau condominium priv\u00e9 prestigieux situ\u00e9 dans le quartier de Campo Pequeno \u00e0 Lisbonne. Avec un accent strat\u00e9gique sur la qualit\u00e9 et le design, ce d\u00e9veloppement comprend 119 unit\u00e9s r\u00e9parties sur cinq b\u00e2timents distincts, chacun con\u00e7u pour offrir une exp\u00e9rience de vie urbaine \u00e9lev\u00e9e.<\/p>\n<p>Vertice propose une gamme de typologies d&#8217;appartements allant des studios aux unit\u00e9s de cinq chambres spacieuses, r\u00e9pondant aux divers besoins de style de vie. Le projet, con\u00e7u par Saraiva + Associados, met l&#8217;accent sur des lignes \u00e9pur\u00e9es et une attention m\u00e9ticuleuse aux d\u00e9tails. Les surfaces int\u00e9rieures des appartements varient, avec une taille minimale de 49 m\u00e8tres carr\u00e9s et une taille maximale de 257 m\u00e8tres carr\u00e9s, tandis que les espaces ext\u00e9rieurs vont jusqu&#8217;\u00e0 93 m\u00e8tres carr\u00e9s, comprenant des jardins priv\u00e9s, des balcons et des terrasses.<\/p>\n<p>Les caract\u00e9ristiques principales incluent l&#8217;isolation thermique, l&#8217;isolation acoustique, la climatisation, des portes de haute s\u00e9curit\u00e9, des interphones vid\u00e9o, des fen\u00eatres \u00e0 double vitrage et des ascenseurs pour faciliter l&#8217;acc\u00e8s \u00e0 tous les \u00e9tages.<\/p>\n<p>Pour le confort des r\u00e9sidents, un parking priv\u00e9 avec des stations de recharge pour v\u00e9hicules \u00e9lectriques est disponible, refl\u00e9tant l&#8217;engagement du d\u00e9veloppement envers la durabilit\u00e9. La caract\u00e9ristique centrale de Vertice est son vaste jardin, qui offre un environnement serein pour la d\u00e9tente et les loisirs, accessible directement depuis les espaces de vie.<\/p>\n<p>L&#8217;emplacement de Vertice offre des avantages significatifs, \u00e9tant situ\u00e9 \u00e0 distance de marche de la gare d&#8217;Entrecampos et \u00e0 proximit\u00e9 de divers caf\u00e9s, restaurants et espaces verts. Sa proximit\u00e9 avec les principaux centres de transport et les points de rep\u00e8re culturels de Lisbonne en fait un choix id\u00e9al pour ceux qui recherchent un m\u00e9lange de style de vie cosmopolite et de confort r\u00e9sidentiel.<\/p>\n<h2>Points forts de la propri\u00e9t\u00e9 Vertice<\/h2>\n<hr>\n<ul>\n<li><strong>Diverses typologies d&#8217;appartements et design de haute qualit\u00e9<\/strong> : Vertice propose une large gamme de tailles d&#8217;appartements, allant des studios aux unit\u00e9s de cinq chambres spacieuses, con\u00e7ues par Saraiva + Associados. Les surfaces int\u00e9rieures sont g\u00e9n\u00e9reusement dimensionn\u00e9es, allant de 49 \u00e0 257 m\u00e8tres carr\u00e9s, compl\u00e9t\u00e9es par des espaces ext\u00e9rieurs qui incluent des jardins priv\u00e9s, des balcons et des terrasses.<\/li>\n<li><strong>Durabilit\u00e9 et commodit\u00e9s modernes<\/strong> : Le condominium est \u00e9quip\u00e9 d&#8217;un parking priv\u00e9 avec des stations de recharge pour v\u00e9hicules \u00e9lectriques, d&#8217;isolation thermique et acoustique, de climatisation, de portes de haute s\u00e9curit\u00e9, d&#8217;interphones vid\u00e9o, de fen\u00eatres \u00e0 double vitrage et d&#8217;ascenseurs.<\/li>\n<li><strong>Emplacement privil\u00e9gi\u00e9 avec acc\u00e8s aux commodit\u00e9s locales<\/strong> : Situ\u00e9 dans le quartier prestigieux de Campo Pequeno \u00e0 Lisbonne, le d\u00e9veloppement est \u00e0 distance de marche de la gare d&#8217;Entrecampos et \u00e0 proximit\u00e9 de divers caf\u00e9s, restaurants et zones vertes.<\/li>\n<\/ul>\n<h2>Liste des caract\u00e9ristiques des appartements Vertice<\/h2>\n<hr>\n<ul>\n<li><strong>Nom du d\u00e9veloppement :<\/strong> Vertice<\/li>\n<li><strong>Type de d\u00e9veloppement :<\/strong> D\u00e9veloppement \/ Condominium priv\u00e9<\/li>\n<li><strong>Pays :<\/strong> Portugal<\/li>\n<li><strong>District :<\/strong> Lisbonne<\/li>\n<li><strong>Ville :<\/strong> Lisbonne<\/li>\n<li><strong>Quartier :<\/strong> Campo Pequeno<\/li>\n<li><strong>\u00c9tages :<\/strong> 6<\/li>\n<li><strong>Total des unit\u00e9s :<\/strong> 119<\/li>\n<li><strong>Typologies :<\/strong> Appartements studio, avec une, deux, trois, quatre et cinq chambres\n<ul>\n<li>Studios : 4<\/li>\n<li>Appartements 1 chambre : 35<\/li>\n<li>Appartements 2 chambres : 45<\/li>\n<li>Appartements 3 chambres : 28<\/li>\n<li>Appartements 4 chambres : 5<\/li>\n<li>Appartements 5 chambres : 2<\/li>\n<\/ul>\n<\/li>\n<li><strong>B\u00e2timents :<\/strong> 5<\/li>\n<li><strong>Point fort :<\/strong> Vue sur le jardin et la ville<\/li>\n<li><strong>Acc\u00e8s aux \u00e9tages :<\/strong> Ascenseur<\/li>\n<li><strong>Parking :<\/strong> Parking priv\u00e9 avec recharge \u00e9lectrique disponible<\/li>\n<li><strong>Distance du golf :<\/strong> 8,5 km<\/li>\n<li><strong>Distance de la plage :<\/strong> 13,1 km<\/li>\n<li><strong>Distance de l&#8217;a\u00e9roport :<\/strong> 4,5 km de l&#8217;A\u00e9roport International de Lisbonne<\/li>\n<li><strong>Avantages :<\/strong> Condominium priv\u00e9 situ\u00e9 \u00e0 Campo Pequeno avec un grand jardin central, des balcons et des terrasses, et un parking priv\u00e9 avec recharge \u00e9lectrique<\/li>\n<li><strong>Surfaces int\u00e9rieures :<\/strong>\n<ul>\n<li>Minimum : 49 m\u00b2<\/li>\n<li>Maximum : 257 m\u00b2<\/li>\n<\/ul>\n<\/li>\n<li><strong>Surfaces ext\u00e9rieures :<\/strong>\n<ul>\n<li>Minimum : 0 m\u00b2<\/li>\n<li>Maximum : 93 m\u00b2<\/li>\n<\/ul>\n<\/li>\n<li><strong>Garage :<\/strong> 1 \u00e0 4 places<\/li>\n<li><strong>Architecte :<\/strong> Saraiva + Associados<\/li>\n<\/ul>\n","protected":false},"featured_media":150,"template":"","meta":[],"development_location":[4],"class_list":["post-148","developments","type-developments","status-publish","has-post-thumbnail","hentry","development_location-lisbonne"],"_links":{"self":[{"href":"https:\/\/lisbonproperty.com\/fr\/wp-json\/wp\/v2\/developments\/148","targetHints":{"allow":["GET"]}}],"collection":[{"href":"https:\/\/lisbonproperty.com\/fr\/wp-json\/wp\/v2\/developments"}],"about":[{"href":"https:\/\/lisbonproperty.com\/fr\/wp-json\/wp\/v2\/types\/developments"}],"wp:featuredmedia":[{"embeddable":true,"href":"https:\/\/lisbonproperty.com\/fr\/wp-json\/wp\/v2\/media\/150"}],"wp:attachment":[{"href":"https:\/\/lisbonproperty.com\/fr\/wp-json\/wp\/v2\/media?parent=148"}],"wp:term":[{"taxonomy":"development_location","embeddable":true,"href":"https:\/\/lisbonproperty.com\/fr\/wp-json\/wp\/v2\/development_location?post=148"}],"curies":[{"name":"wp","href":"https:\/\/api.w.org\/{rel}","templated":true}]}}