
{"id":143,"date":"2025-01-31T15:54:08","date_gmt":"2025-01-31T15:54:08","guid":{"rendered":"https:\/\/lisbonproperty.com\/fr\/amenagements\/edificio-seculo-xxi-23\/"},"modified":"2026-04-09T17:39:41","modified_gmt":"2026-04-09T17:39:41","slug":"edificio-seculo-xxi-23","status":"publish","type":"developments","link":"https:\/\/lisbonproperty.com\/fr\/residences\/edificio-seculo-xxi-23\/","title":{"rendered":"Edif\u00edcio S\u00e9culo XXI 23"},"content":{"rendered":"<figure class=\"wp-block-image\"><img src=\"https:\/\/lisbonproperty.com\/fr\/wp-content\/uploads\/2025\/12\/development-edificiio-seculo-xxi-23-featured.jpg\" width=\"1280\" height=\"853\" class=\"wp-image-144\" alt=\"\" srcset=\"https:\/\/lisbonproperty.com\/fr\/wp-content\/uploads\/2025\/12\/development-edificiio-seculo-xxi-23-featured-125x83.jpg 125w, https:\/\/lisbonproperty.com\/fr\/wp-content\/uploads\/2025\/12\/development-edificiio-seculo-xxi-23-featured-150x150.jpg 150w, https:\/\/lisbonproperty.com\/fr\/wp-content\/uploads\/2025\/12\/development-edificiio-seculo-xxi-23-featured-300x200.jpg 300w, https:\/\/lisbonproperty.com\/fr\/wp-content\/uploads\/2025\/12\/development-edificiio-seculo-xxi-23-featured-430x293.jpg 430w, https:\/\/lisbonproperty.com\/fr\/wp-content\/uploads\/2025\/12\/development-edificiio-seculo-xxi-23-featured-768x512.jpg 768w, https:\/\/lisbonproperty.com\/fr\/wp-content\/uploads\/2025\/12\/development-edificiio-seculo-xxi-23-featured-880x586.jpg 880w, https:\/\/lisbonproperty.com\/fr\/wp-content\/uploads\/2025\/12\/development-edificiio-seculo-xxi-23-featured.jpg 1280w\" sizes=\"(max-width: 1280px) 100vw, 1280px\" loading=\"eager\" decoding=\"async\" fetchpriority=\"high\"><\/figure>\n<\/p>\n<h2>\u00c9difice du XXIe si\u00e8cle 23<\/h2>\n<hr \/>\n<p>L&#8217;\u00c9difice du XXIe si\u00e8cle 23 est un d\u00e9veloppement priv\u00e9 situ\u00e9 sur la prestigieuse avenue Visconde Valmor \u00e0 Lisbonne. Le projet, dont l&#8217;ach\u00e8vement est pr\u00e9vu pour 2025, comporte six \u00e9tages et comprend 17 appartements exclusifs. Ces unit\u00e9s varient des appartements d&#8217;une chambre aux duplex spacieux de deux chambres.<\/p>\n<p>Cette copropri\u00e9t\u00e9 \u00e0 l&#8217;architecture contemporaine est strat\u00e9giquement situ\u00e9e sur la prestigieuse Avenue Visconde de Valmor, pr\u00e8s de sites cl\u00e9s tels que le Jardin Gulbenkian, Campo Pequeno et Saldanha.<\/p>\n<p>Les caract\u00e9ristiques principales de la copropri\u00e9t\u00e9 incluent un ascenseur qui facilite l&#8217;acc\u00e8s \u00e0 tous les \u00e9tages, et des places de parking priv\u00e9es, ce qui repr\u00e9sente un avantage significatif dans le cadre urbain de Lisbonne. Chaque appartement dispose d&#8217;installations \u00e9co\u00e9nerg\u00e9tiques, avec une certification \u00e9nerg\u00e9tique de classe A.<\/p>\n<p>Les r\u00e9sidents b\u00e9n\u00e9ficient d&#8217;une vari\u00e9t\u00e9 d&#8217;\u00e9quipements tels que la climatisation, des portes de haute s\u00e9curit\u00e9, des syst\u00e8mes d&#8217;interphone vid\u00e9o, et des stores int\u00e9rieurs \u00e9lectriques. Les cuisines sont \u00e9quip\u00e9es d&#8217;appareils haut de gamme et pr\u00e9sentent des plans de travail \u00e9l\u00e9gants en granit, tandis que les salles de bains sont \u00e9quip\u00e9es d&#8217;installations de luxe et d&#8217;un carrelage \u00e9l\u00e9gant. Les espaces de vie sont finis avec des carreaux de vinyle de luxe, offrant durabilit\u00e9 et attrait esth\u00e9tique.<\/p>\n<p>L&#8217;emplacement privil\u00e9gi\u00e9 du d\u00e9veloppement se trouve \u00e0 une courte distance de grands centres culturels tels que la Fondation Gulbenkian, ainsi que de destinations commerciales de premier choix telles que El Corte Ingl\u00e9s. La zone est \u00e9galement bien desservie, avec des liens de transport pratiques vers la ville \u00e9largie et au-del\u00e0.<\/p>\n<p>L&#8217;\u00c9difice du XXIe si\u00e8cle 23 repr\u00e9sente un m\u00e9lange unique de luxe, de commodit\u00e9 et de qualit\u00e9 dans l&#8217;un des quartiers les plus prestigieux de Lisbonne. Il promet aux r\u00e9sidents une exp\u00e9rience de vie sup\u00e9rieure, avec une architecture et des commodit\u00e9s soigneusement consid\u00e9r\u00e9es qui r\u00e9pondent aux besoins de la vie urbaine moderne. Ce d\u00e9veloppement n&#8217;est pas seulement une r\u00e9sidence, mais une d\u00e9claration de style et de sophistication au c\u0153ur anim\u00e9 de Lisbonne.<\/p>\n<h2>Points forts de l&#8217;\u00c9difice du XXIe si\u00e8cle 23 \u00e0 Lisbonne<\/h2>\n<hr \/>\n<ul>\n<li><strong>Emplacement privil\u00e9gi\u00e9<\/strong>: La copropri\u00e9t\u00e9 est situ\u00e9e sur l&#8217;Avenida Visconde de Valmor, Avenidas Novas, pr\u00e8s de rep\u00e8res cl\u00e9s de Lisbonne tels que le Jardin Gulbenkian, Campo Pequeno et Saldanha. Cet emplacement central est \u00e0 courte distance de grands centres culturels comme la Fondation Gulbenkian et des destinations commerciales telles que El Corte Ingl\u00e9s.<\/li>\n<li><strong>Conception durable et efficace<\/strong>: Le b\u00e2timent est con\u00e7u dans un esprit de durabilit\u00e9, avec une certification \u00e9nerg\u00e9tique de classe A. Il comprend des caract\u00e9ristiques telles que des installations \u00e9co\u00e9nerg\u00e9tiques qui r\u00e9duisent l&#8217;empreinte \u00e9cologique et aident \u00e0 r\u00e9duire les co\u00fbts des services publics pour les r\u00e9sidents, s&#8217;alignant sur les demandes modernes pour un mode de vie respectueux de l&#8217;environnement.<\/li>\n<\/ul>\n<h2>Liste des caract\u00e9ristiques de l&#8217;\u00c9difice du XXIe si\u00e8cle 23<\/h2>\n<hr \/>\n<ul>\n<li><strong>Nom du d\u00e9veloppement:<\/strong> \u00c9difice du XXIe si\u00e8cle 23<\/li>\n<li><strong>Type de propri\u00e9t\u00e9:<\/strong> D\u00e9veloppement \/ Copropri\u00e9t\u00e9 priv\u00e9e<\/li>\n<li><strong>Pays:<\/strong> Portugal<\/li>\n<li><strong>District:<\/strong> Lisbonne<\/li>\n<li><strong>Ville:<\/strong> Lisbonne<\/li>\n<li><strong>Quartier:<\/strong> Gulbenkian, Avenidas Novas<\/li>\n<li><strong>\u00c9tages:<\/strong> 6<\/li>\n<li><strong>Ann\u00e9e de construction:<\/strong> 2025<\/li>\n<li><strong>Total des unit\u00e9s:<\/strong> 17<\/li>\n<li><strong>Types d&#8217;unit\u00e9s:<\/strong> Appartements avec une, deux et deux chambres en duplex<\/li>\n<li><strong>B\u00e2timents:<\/strong> 1<\/li>\n<li><strong>Acc\u00e8s aux \u00e9tages:<\/strong> Ascenseur<\/li>\n<li><strong>Garage:<\/strong> 1 place de parking<\/li>\n<li><strong>Certificat \u00e9nerg\u00e9tique:<\/strong> A<\/li>\n<li><strong>Vue:<\/strong> Ville<\/li>\n<li><strong>Distance du golf:<\/strong> 8 km<\/li>\n<li><strong>Distance de la plage:<\/strong> 12,5 km<\/li>\n<li><strong>Distance de l&#8217;a\u00e9roport:<\/strong> 6 km de l&#8217;a\u00e9roport international de Lisbonne<\/li>\n<li><strong>Avantages:<\/strong> Copropri\u00e9t\u00e9 priv\u00e9e avec balcons et parking, situ\u00e9e dans l&#8217;un des quartiers les plus prestigieux de Lisbonne<\/li>\n<li><strong>Surface int\u00e9rieure minimale:<\/strong> 56,1 m2<\/li>\n<li><strong>Surface int\u00e9rieure maximale:<\/strong> 121,7 m2<\/li>\n<li><strong>Surface minimale du balcon:<\/strong> 6 m2<\/li>\n<li><strong>Surface maximale du balcon:<\/strong> 25 m2<\/li>\n<\/ul>\n","protected":false},"featured_media":144,"template":"","meta":[],"development_location":[],"class_list":["post-143","developments","type-developments","status-publish","has-post-thumbnail","hentry"],"_links":{"self":[{"href":"https:\/\/lisbonproperty.com\/fr\/wp-json\/wp\/v2\/developments\/143","targetHints":{"allow":["GET"]}}],"collection":[{"href":"https:\/\/lisbonproperty.com\/fr\/wp-json\/wp\/v2\/developments"}],"about":[{"href":"https:\/\/lisbonproperty.com\/fr\/wp-json\/wp\/v2\/types\/developments"}],"wp:featuredmedia":[{"embeddable":true,"href":"https:\/\/lisbonproperty.com\/fr\/wp-json\/wp\/v2\/media\/144"}],"wp:attachment":[{"href":"https:\/\/lisbonproperty.com\/fr\/wp-json\/wp\/v2\/media?parent=143"}],"wp:term":[{"taxonomy":"development_location","embeddable":true,"href":"https:\/\/lisbonproperty.com\/fr\/wp-json\/wp\/v2\/development_location?post=143"}],"curies":[{"name":"wp","href":"https:\/\/api.w.org\/{rel}","templated":true}]}}