
{"id":640,"date":"2024-01-06T01:09:49","date_gmt":"2024-01-06T01:09:49","guid":{"rendered":"https:\/\/lisbonproperty.com\/es\/portugal\/algarve\/"},"modified":"2026-04-30T12:58:47","modified_gmt":"2026-04-30T12:58:47","slug":"algarve","status":"publish","type":"portugal","link":"https:\/\/lisbonproperty.com\/es\/portugal\/algarve\/","title":{"rendered":"Algarve"},"content":{"rendered":"<figure class=\"wp-block-image\"><img src=\"https:\/\/lisbonproperty.com\/es\/wp-content\/uploads\/2026\/01\/algarve-region-portugal-map.jpg\" width=\"1200\" height=\"849\" class=\"wp-image-641\" alt=\"El Algarve es la regi\u00f3n del sur de Portugal formada \u00fanicamente por el distrito de Faro, con 16 municipios, con 472.000 habitantes en 2022\" srcset=\"https:\/\/lisbonproperty.com\/es\/wp-content\/uploads\/2026\/01\/algarve-region-portugal-map-125x83.jpg 125w, https:\/\/lisbonproperty.com\/es\/wp-content\/uploads\/2026\/01\/algarve-region-portugal-map-150x150.jpg 150w, https:\/\/lisbonproperty.com\/es\/wp-content\/uploads\/2026\/01\/algarve-region-portugal-map-300x212.jpg 300w, https:\/\/lisbonproperty.com\/es\/wp-content\/uploads\/2026\/01\/algarve-region-portugal-map-430x293.jpg 430w, https:\/\/lisbonproperty.com\/es\/wp-content\/uploads\/2026\/01\/algarve-region-portugal-map-768x543.jpg 768w, https:\/\/lisbonproperty.com\/es\/wp-content\/uploads\/2026\/01\/algarve-region-portugal-map-880x586.jpg 880w, https:\/\/lisbonproperty.com\/es\/wp-content\/uploads\/2026\/01\/algarve-region-portugal-map-1200x849.jpg 1200w\" sizes=\"(max-width: 1200px) 100vw, 1200px\" loading=\"eager\" decoding=\"async\" fetchpriority=\"high\"><figcaption>El Algarve es la regi\u00f3n del sur de Portugal formada \u00fanicamente por el distrito de Faro, con 16 municipios, con 472.000 habitantes en 2022<\/figcaption><\/figure>\n<h2>Algarve, Regi\u00f3n Sur de Portugal<\/h2>\n<hr \/>\n<p>La <strong>regi\u00f3n del Algarve<\/strong> es la parte m\u00e1s meridional de Portugal y es conocida por sus playas mediterr\u00e1neas, resorts de golf y servicios orientados al turismo. El clima suave de la regi\u00f3n, la atractiva costa y la abundancia de sol la convierten en un destino favorito para los vacacionistas.<\/p>\n<p>La <strong>regi\u00f3n del Algarve<\/strong> es la parte m\u00e1s al sur de Portugal, famosa por sus lujosos resorts, las marinas, la R\u00eda Formosa, los 37 campos de golf, la fortaleza de Sagres, 133 soleadas playas y la animada vida nocturna de verano. El Algarve consta del \u00fanico distrito de Faro.<\/p>\n<table class=\"table table-striped\">\n<tbody>\n<tr>\n<th>Distrito<\/th>\n<th>Ciudad M\u00e1s Grande<\/th>\n<th>Segunda Ciudad M\u00e1s Grande<\/th>\n<th>Tercera Ciudad M\u00e1s Grande<\/th>\n<th>Cuarta Ciudad M\u00e1s Grande<\/th>\n<\/tr>\n<tr>\n<td>Faro<\/td>\n<td>Faro<\/td>\n<td>Albufeira<\/td>\n<td>Portim\u00e3o<\/td>\n<td>Loul\u00e9<\/td>\n<\/tr>\n<\/tbody>\n<\/table>\n<h3>El Distrito del Algarve<\/h3>\n\n    <section class=\"child-locations portugal-locations\">\n        \n        <div class=\"lp-grid\">\n                            <article class=\"lp-card\">\n                    <a href=\"https:\/\/lisbonproperty.com\/es\/portugal\/faro\/\">\n                                                    <img src=\"https:\/\/lisbonproperty.com\/es\/wp-content\/uploads\/2026\/01\/faro-algarve-portugal-430x293.jpg\" srcset=\"https:\/\/lisbonproperty.com\/es\/wp-content\/uploads\/2026\/01\/faro-algarve-portugal-430x293.jpg 1x, https:\/\/lisbonproperty.com\/es\/wp-content\/uploads\/2026\/01\/faro-algarve-portugal-880x586.jpg 2x\" sizes=\"(max-width: 480px) 100vw, 430px\" width=\"430\" height=\"293\" class=\"lp-card-thumb\" alt=\"Faro\" loading=\"lazy\" decoding=\"async\">                                                <h3>Faro<\/h3>\n                    <\/a>\n                <\/article>\n                    <\/div>\n    <\/section>\n\n\n<h4>Municipios del Algarve<\/h4>\n\n    <section class=\"child-locations portugal-locations\">\n        \n        <div class=\"lp-grid\">\n                            <article class=\"lp-card\">\n                    <a href=\"https:\/\/lisbonproperty.com\/es\/portugal\/loule\/\">\n                                                    <div class=\"lp-card-thumb-placeholder\">\n                                <span>Loul\u00e9<\/span>\n                            <\/div>\n                                                <h3>Loul\u00e9<\/h3>\n                    <\/a>\n                <\/article>\n                            <article class=\"lp-card\">\n                    <a href=\"https:\/\/lisbonproperty.com\/es\/portugal\/castro-marim\/\">\n                                                    <div class=\"lp-card-thumb-placeholder\">\n                                <span>Castro Marim<\/span>\n                            <\/div>\n                                                <h3>Castro Marim<\/h3>\n                    <\/a>\n                <\/article>\n                            <article class=\"lp-card\">\n                    <a href=\"https:\/\/lisbonproperty.com\/es\/portugal\/aljezur\/\">\n                                                    <div class=\"lp-card-thumb-placeholder\">\n                                <span>Aljezur<\/span>\n                            <\/div>\n                                                <h3>Aljezur<\/h3>\n                    <\/a>\n                <\/article>\n                            <article class=\"lp-card\">\n                    <a href=\"https:\/\/lisbonproperty.com\/es\/portugal\/portimao\/\">\n                                                    <div class=\"lp-card-thumb-placeholder\">\n                                <span>Portim\u00e3o<\/span>\n                            <\/div>\n                                                <h3>Portim\u00e3o<\/h3>\n                    <\/a>\n                <\/article>\n                            <article class=\"lp-card\">\n                    <a href=\"https:\/\/lisbonproperty.com\/es\/portugal\/vila-do-bispo\/\">\n                                                    <div class=\"lp-card-thumb-placeholder\">\n                                <span>Vila do Bispo<\/span>\n                            <\/div>\n                                                <h3>Vila do Bispo<\/h3>\n                    <\/a>\n                <\/article>\n                            <article class=\"lp-card\">\n                    <a href=\"https:\/\/lisbonproperty.com\/es\/portugal\/monchique\/\">\n                                                    <div class=\"lp-card-thumb-placeholder\">\n                                <span>Monchique<\/span>\n                            <\/div>\n                                                <h3>Monchique<\/h3>\n                    <\/a>\n                <\/article>\n                            <article class=\"lp-card\">\n                    <a href=\"https:\/\/lisbonproperty.com\/es\/portugal\/olhao\/\">\n                                                    <div class=\"lp-card-thumb-placeholder\">\n                                <span>Olh\u00e3o<\/span>\n                            <\/div>\n                                                <h3>Olh\u00e3o<\/h3>\n                    <\/a>\n                <\/article>\n                            <article class=\"lp-card\">\n                    <a href=\"https:\/\/lisbonproperty.com\/es\/portugal\/albufeira\/\">\n                                                    <div class=\"lp-card-thumb-placeholder\">\n                                <span>Albufeira<\/span>\n                            <\/div>\n                                                <h3>Albufeira<\/h3>\n                    <\/a>\n                <\/article>\n                            <article class=\"lp-card\">\n                    <a href=\"https:\/\/lisbonproperty.com\/es\/portugal\/silves\/\">\n                                                    <div class=\"lp-card-thumb-placeholder\">\n                                <span>Silves<\/span>\n                            <\/div>\n                                                <h3>Silves<\/h3>\n                    <\/a>\n                <\/article>\n                            <article class=\"lp-card\">\n                    <a href=\"https:\/\/lisbonproperty.com\/es\/portugal\/lagos\/\">\n                                                    <div class=\"lp-card-thumb-placeholder\">\n                                <span>Lagos<\/span>\n                            <\/div>\n                                                <h3>Lagos<\/h3>\n                    <\/a>\n                <\/article>\n                            <article class=\"lp-card\">\n                    <a href=\"https:\/\/lisbonproperty.com\/es\/portugal\/tavira\/\">\n                                                    <div class=\"lp-card-thumb-placeholder\">\n                                <span>Tavira<\/span>\n                            <\/div>\n                                                <h3>Tavira<\/h3>\n                    <\/a>\n                <\/article>\n                            <article class=\"lp-card\">\n                    <a href=\"https:\/\/lisbonproperty.com\/es\/portugal\/lagoa\/\">\n                                                    <div class=\"lp-card-thumb-placeholder\">\n                                <span>Lagoa<\/span>\n                            <\/div>\n                                                <h3>Lagoa<\/h3>\n                    <\/a>\n                <\/article>\n                            <article class=\"lp-card\">\n                    <a href=\"https:\/\/lisbonproperty.com\/es\/portugal\/alcoutim\/\">\n                                                    <div class=\"lp-card-thumb-placeholder\">\n                                <span>Alcoutim<\/span>\n                            <\/div>\n                                                <h3>Alcoutim<\/h3>\n                    <\/a>\n                <\/article>\n                            <article class=\"lp-card\">\n                    <a href=\"https:\/\/lisbonproperty.com\/es\/portugal\/vila-real-de-santo-antonio\/\">\n                                                    <div class=\"lp-card-thumb-placeholder\">\n                                <span>Vila Real de Santo Ant\u00f3nio<\/span>\n                            <\/div>\n                                                <h3>Vila Real de Santo Ant\u00f3nio<\/h3>\n                    <\/a>\n                <\/article>\n                            <article class=\"lp-card\">\n                    <a href=\"https:\/\/lisbonproperty.com\/es\/portugal\/sao-bras-de-alportel\/\">\n                                                    <div class=\"lp-card-thumb-placeholder\">\n                                <span>S\u00e3o Br\u00e1s de Alportel<\/span>\n                            <\/div>\n                                                <h3>S\u00e3o Br\u00e1s de Alportel<\/h3>\n                    <\/a>\n                <\/article>\n                    <\/div>\n    <\/section>\n\n\n<h2>Otras regiones de Portugal<\/h2>\n\n    <section class=\"child-locations portugal-locations\">\n        \n        <div class=\"lp-grid\">\n                            <article class=\"lp-card\">\n                    <a href=\"https:\/\/lisbonproperty.com\/es\/portugal\/area-metropolitana-de-lisboa\/\">\n                                                    <img src=\"https:\/\/lisbonproperty.com\/es\/wp-content\/uploads\/2026\/01\/lisbon-metropolitan-area-region-portugal-map-430x293.jpg\" srcset=\"https:\/\/lisbonproperty.com\/es\/wp-content\/uploads\/2026\/01\/lisbon-metropolitan-area-region-portugal-map-430x293.jpg 1x, https:\/\/lisbonproperty.com\/es\/wp-content\/uploads\/2026\/01\/lisbon-metropolitan-area-region-portugal-map-880x586.jpg 2x\" sizes=\"(max-width: 480px) 100vw, 430px\" width=\"430\" height=\"293\" class=\"lp-card-thumb\" alt=\"\u00c1rea Metropolitana de Lisboa\" loading=\"lazy\" decoding=\"async\">                                                <h3>\u00c1rea Metropolitana de Lisboa<\/h3>\n                    <\/a>\n                <\/article>\n                            <article class=\"lp-card\">\n                    <a href=\"https:\/\/lisbonproperty.com\/es\/portugal\/centro-de-portugal\/\">\n                                                    <img src=\"https:\/\/lisbonproperty.com\/es\/wp-content\/uploads\/2026\/01\/central-region-portugal-map-430x293.jpg\" srcset=\"https:\/\/lisbonproperty.com\/es\/wp-content\/uploads\/2026\/01\/central-region-portugal-map-430x293.jpg 1x, https:\/\/lisbonproperty.com\/es\/wp-content\/uploads\/2026\/01\/central-region-portugal-map-880x586.jpg 2x\" sizes=\"(max-width: 480px) 100vw, 430px\" width=\"430\" height=\"293\" class=\"lp-card-thumb\" alt=\"Centro de Portugal\" loading=\"lazy\" decoding=\"async\">                                                <h3>Centro de Portugal<\/h3>\n                    <\/a>\n                <\/article>\n                            <article class=\"lp-card\">\n                    <a href=\"https:\/\/lisbonproperty.com\/es\/portugal\/norte-de-portugal\/\">\n                                                    <img src=\"https:\/\/lisbonproperty.com\/es\/wp-content\/uploads\/2026\/01\/north-region-portugal-map-430x293.jpg\" srcset=\"https:\/\/lisbonproperty.com\/es\/wp-content\/uploads\/2026\/01\/north-region-portugal-map-430x293.jpg 1x, https:\/\/lisbonproperty.com\/es\/wp-content\/uploads\/2026\/01\/north-region-portugal-map-880x586.jpg 2x\" sizes=\"(max-width: 480px) 100vw, 430px\" width=\"430\" height=\"293\" class=\"lp-card-thumb\" alt=\"Norte de Portugal\" loading=\"lazy\" decoding=\"async\">                                                <h3>Norte de Portugal<\/h3>\n                    <\/a>\n                <\/article>\n                            <article class=\"lp-card\">\n                    <a href=\"https:\/\/lisbonproperty.com\/es\/portugal\/algarve\/\">\n                                                    <img src=\"https:\/\/lisbonproperty.com\/es\/wp-content\/uploads\/2026\/01\/algarve-region-portugal-map-430x293.jpg\" srcset=\"https:\/\/lisbonproperty.com\/es\/wp-content\/uploads\/2026\/01\/algarve-region-portugal-map-430x293.jpg 1x, https:\/\/lisbonproperty.com\/es\/wp-content\/uploads\/2026\/01\/algarve-region-portugal-map-880x586.jpg 2x\" sizes=\"(max-width: 480px) 100vw, 430px\" width=\"430\" height=\"293\" class=\"lp-card-thumb\" alt=\"Algarve\" loading=\"lazy\" decoding=\"async\">                                                <h3>Algarve<\/h3>\n                    <\/a>\n                <\/article>\n                            <article class=\"lp-card\">\n                    <a href=\"https:\/\/lisbonproperty.com\/es\/portugal\/alentejo\/\">\n                                                    <img src=\"https:\/\/lisbonproperty.com\/es\/wp-content\/uploads\/2026\/01\/alentejo-region-portugal-map-430x293.jpg\" srcset=\"https:\/\/lisbonproperty.com\/es\/wp-content\/uploads\/2026\/01\/alentejo-region-portugal-map-430x293.jpg 1x, https:\/\/lisbonproperty.com\/es\/wp-content\/uploads\/2026\/01\/alentejo-region-portugal-map-880x586.jpg 2x\" sizes=\"(max-width: 480px) 100vw, 430px\" width=\"430\" height=\"293\" class=\"lp-card-thumb\" alt=\"Alentejo\" loading=\"lazy\" decoding=\"async\">                                                <h3>Alentejo<\/h3>\n                    <\/a>\n                <\/article>\n                            <article class=\"lp-card\">\n                    <a href=\"https:\/\/lisbonproperty.com\/es\/portugal\/madeira\/\">\n                                                    <img src=\"https:\/\/lisbonproperty.com\/es\/wp-content\/uploads\/2026\/01\/01-town-and-roads-madeira-portugal-map-430x293.jpg\" srcset=\"https:\/\/lisbonproperty.com\/es\/wp-content\/uploads\/2026\/01\/01-town-and-roads-madeira-portugal-map-430x293.jpg 1x, https:\/\/lisbonproperty.com\/es\/wp-content\/uploads\/2026\/01\/01-town-and-roads-madeira-portugal-map-880x586.jpg 2x\" sizes=\"(max-width: 480px) 100vw, 430px\" width=\"430\" height=\"293\" class=\"lp-card-thumb\" alt=\"Islas Madeira &bull; Introducci\u00f3n y mapas\" loading=\"lazy\" decoding=\"async\">                                                <h3>Islas Madeira &bull; Introducci\u00f3n y mapas<\/h3>\n                    <\/a>\n                <\/article>\n                            <article class=\"lp-card\">\n                    <a href=\"https:\/\/lisbonproperty.com\/es\/portugal\/azores\/\">\n                                                    <img src=\"https:\/\/lisbonproperty.com\/es\/wp-content\/uploads\/2024\/01\/azores-portugal-430x293.jpg\" srcset=\"https:\/\/lisbonproperty.com\/es\/wp-content\/uploads\/2024\/01\/azores-portugal-430x293.jpg 1x, https:\/\/lisbonproperty.com\/es\/wp-content\/uploads\/2024\/01\/azores-portugal-880x586.jpg 2x\" sizes=\"(max-width: 480px) 100vw, 430px\" width=\"430\" height=\"293\" class=\"lp-card-thumb\" alt=\"Azores\" loading=\"lazy\" decoding=\"async\">                                                <h3>Azores<\/h3>\n                    <\/a>\n                <\/article>\n                    <\/div>\n    <\/section>\n\n\n","protected":false},"featured_media":641,"parent":0,"menu_order":0,"template":"","meta":[],"class_list":["post-640","portugal","type-portugal","status-publish","has-post-thumbnail","hentry"],"_links":{"self":[{"href":"https:\/\/lisbonproperty.com\/es\/wp-json\/wp\/v2\/portugal\/640","targetHints":{"allow":["GET"]}}],"collection":[{"href":"https:\/\/lisbonproperty.com\/es\/wp-json\/wp\/v2\/portugal"}],"about":[{"href":"https:\/\/lisbonproperty.com\/es\/wp-json\/wp\/v2\/types\/portugal"}],"wp:featuredmedia":[{"embeddable":true,"href":"https:\/\/lisbonproperty.com\/es\/wp-json\/wp\/v2\/media\/641"}],"wp:attachment":[{"href":"https:\/\/lisbonproperty.com\/es\/wp-json\/wp\/v2\/media?parent=640"}],"curies":[{"name":"wp","href":"https:\/\/api.w.org\/{rel}","templated":true}]}}