
{"id":638,"date":"2024-01-07T01:09:30","date_gmt":"2024-01-07T01:09:30","guid":{"rendered":"https:\/\/lisbonproperty.com\/es\/portugal\/alentejo\/"},"modified":"2026-04-30T12:37:25","modified_gmt":"2026-04-30T12:37:25","slug":"alentejo","status":"publish","type":"portugal","link":"https:\/\/lisbonproperty.com\/es\/portugal\/alentejo\/","title":{"rendered":"Alentejo"},"content":{"rendered":"<figure class=\"wp-block-image\"><img src=\"https:\/\/lisbonproperty.com\/es\/wp-content\/uploads\/2026\/01\/alentejo-region-portugal-map.jpg\" width=\"1200\" height=\"1047\" class=\"wp-image-639\" alt=\"La regi\u00f3n del Alentejo en Portugal est\u00e1 formada por los distritos de \u00c9vora, Beja y Portalegre.\" srcset=\"https:\/\/lisbonproperty.com\/es\/wp-content\/uploads\/2026\/01\/alentejo-region-portugal-map-125x83.jpg 125w, https:\/\/lisbonproperty.com\/es\/wp-content\/uploads\/2026\/01\/alentejo-region-portugal-map-150x150.jpg 150w, https:\/\/lisbonproperty.com\/es\/wp-content\/uploads\/2026\/01\/alentejo-region-portugal-map-300x262.jpg 300w, https:\/\/lisbonproperty.com\/es\/wp-content\/uploads\/2026\/01\/alentejo-region-portugal-map-430x293.jpg 430w, https:\/\/lisbonproperty.com\/es\/wp-content\/uploads\/2026\/01\/alentejo-region-portugal-map-768x670.jpg 768w, https:\/\/lisbonproperty.com\/es\/wp-content\/uploads\/2026\/01\/alentejo-region-portugal-map-880x586.jpg 880w, https:\/\/lisbonproperty.com\/es\/wp-content\/uploads\/2026\/01\/alentejo-region-portugal-map-1200x1047.jpg 1200w\" sizes=\"(max-width: 1200px) 100vw, 1200px\" loading=\"eager\" decoding=\"async\" fetchpriority=\"high\"><figcaption>La regi\u00f3n del Alentejo en Portugal est\u00e1 formada por los distritos de \u00c9vora, Beja y Portalegre.<\/figcaption><\/figure>\n<h2>Alentejo Region<\/h2>\n<hr \/>\n<p>The <strong>Alentejo region<\/strong> is known for its expansive agricultural landscapes, low population density, significant wine production, historical towns, and traditional cork oak forests. It is one of the largest regions in Portugal, covering a third of the country, and is recognized for its cultural heritage, with numerous castles and Roman ruins, as well as its slow-paced lifestyle and distinctive cuisine. Alentejo districts are Portalegre, \u00c9vora, and Beja<\/p>\n<table class=\"table table-striped\">\n<tbody>\n<tr>\n<th>District<\/th>\n<th>Largest City<\/th>\n<th>Second-largest City<\/th>\n<th>Third-largest City<\/th>\n<th>Fourth-largest City<\/th>\n<\/tr>\n<tr>\n<td>Portalegre<\/td>\n<td>Portalegre<\/td>\n<td>Elvas<\/td>\n<td>Ponte de Sor<\/td>\n<td>Campo Maior<\/td>\n<\/tr>\n<tr>\n<td>\u00c9vora<\/td>\n<td>\u00c9vora<\/td>\n<td>Montemor-o-Novo<\/td>\n<td>Estremoz<\/td>\n<td>Reguengos de Monsaraz<\/td>\n<\/tr>\n<tr>\n<td>Beja<\/td>\n<td>Beja<\/td>\n<td>Aljustrel<\/td>\n<td>Serpa<\/td>\n<td>Moura<\/td>\n<\/tr>\n<\/tbody>\n<\/table>\n<h3>Distritos del Alentejo<\/h3>\n\n    <section class=\"child-locations portugal-locations\">\n        \n        <div class=\"lp-grid\">\n                            <article class=\"lp-card\">\n                    <a href=\"https:\/\/lisbonproperty.com\/es\/portugal\/evora\/\">\n                                                    <img src=\"https:\/\/lisbonproperty.com\/es\/wp-content\/uploads\/2026\/01\/evora-alentejo-portugal-430x293.jpg\" srcset=\"https:\/\/lisbonproperty.com\/es\/wp-content\/uploads\/2026\/01\/evora-alentejo-portugal-430x293.jpg 1x, https:\/\/lisbonproperty.com\/es\/wp-content\/uploads\/2026\/01\/evora-alentejo-portugal-880x586.jpg 2x\" sizes=\"(max-width: 480px) 100vw, 430px\" width=\"430\" height=\"293\" class=\"lp-card-thumb\" alt=\"\u00c9vora\" loading=\"lazy\" decoding=\"async\">                                                <h3>\u00c9vora<\/h3>\n                    <\/a>\n                <\/article>\n                            <article class=\"lp-card\">\n                    <a href=\"https:\/\/lisbonproperty.com\/es\/portugal\/beja\/\">\n                                                    <img src=\"https:\/\/lisbonproperty.com\/es\/wp-content\/uploads\/2026\/01\/beja-alentejo-portugal-430x293.jpg\" srcset=\"https:\/\/lisbonproperty.com\/es\/wp-content\/uploads\/2026\/01\/beja-alentejo-portugal-430x293.jpg 1x, https:\/\/lisbonproperty.com\/es\/wp-content\/uploads\/2026\/01\/beja-alentejo-portugal-880x586.jpg 2x\" sizes=\"(max-width: 480px) 100vw, 430px\" width=\"430\" height=\"293\" class=\"lp-card-thumb\" alt=\"Beja\" loading=\"lazy\" decoding=\"async\">                                                <h3>Beja<\/h3>\n                    <\/a>\n                <\/article>\n                            <article class=\"lp-card\">\n                    <a href=\"https:\/\/lisbonproperty.com\/es\/portugal\/portalegre\/\">\n                                                    <img src=\"https:\/\/lisbonproperty.com\/es\/wp-content\/uploads\/2026\/01\/portalegre-alentejo-portugal-430x293.jpg\" srcset=\"https:\/\/lisbonproperty.com\/es\/wp-content\/uploads\/2026\/01\/portalegre-alentejo-portugal-430x293.jpg 1x, https:\/\/lisbonproperty.com\/es\/wp-content\/uploads\/2026\/01\/portalegre-alentejo-portugal-880x586.jpg 2x\" sizes=\"(max-width: 480px) 100vw, 430px\" width=\"430\" height=\"293\" class=\"lp-card-thumb\" alt=\"Portalegre\" loading=\"lazy\" decoding=\"async\">                                                <h3>Portalegre<\/h3>\n                    <\/a>\n                <\/article>\n                    <\/div>\n    <\/section>\n\n\n<h2>Otras regiones de Portugal<\/h2>\n\n    <section class=\"child-locations portugal-locations\">\n        \n        <div class=\"lp-grid\">\n                            <article class=\"lp-card\">\n                    <a href=\"https:\/\/lisbonproperty.com\/es\/portugal\/area-metropolitana-de-lisboa\/\">\n                                                    <img src=\"https:\/\/lisbonproperty.com\/es\/wp-content\/uploads\/2026\/01\/lisbon-metropolitan-area-region-portugal-map-430x293.jpg\" srcset=\"https:\/\/lisbonproperty.com\/es\/wp-content\/uploads\/2026\/01\/lisbon-metropolitan-area-region-portugal-map-430x293.jpg 1x, https:\/\/lisbonproperty.com\/es\/wp-content\/uploads\/2026\/01\/lisbon-metropolitan-area-region-portugal-map-880x586.jpg 2x\" sizes=\"(max-width: 480px) 100vw, 430px\" width=\"430\" height=\"293\" class=\"lp-card-thumb\" alt=\"\u00c1rea Metropolitana de Lisboa\" loading=\"lazy\" decoding=\"async\">                                                <h3>\u00c1rea Metropolitana de Lisboa<\/h3>\n                    <\/a>\n                <\/article>\n                            <article class=\"lp-card\">\n                    <a href=\"https:\/\/lisbonproperty.com\/es\/portugal\/centro-de-portugal\/\">\n                                                    <img src=\"https:\/\/lisbonproperty.com\/es\/wp-content\/uploads\/2026\/01\/central-region-portugal-map-430x293.jpg\" srcset=\"https:\/\/lisbonproperty.com\/es\/wp-content\/uploads\/2026\/01\/central-region-portugal-map-430x293.jpg 1x, https:\/\/lisbonproperty.com\/es\/wp-content\/uploads\/2026\/01\/central-region-portugal-map-880x586.jpg 2x\" sizes=\"(max-width: 480px) 100vw, 430px\" width=\"430\" height=\"293\" class=\"lp-card-thumb\" alt=\"Centro de Portugal\" loading=\"lazy\" decoding=\"async\">                                                <h3>Centro de Portugal<\/h3>\n                    <\/a>\n                <\/article>\n                            <article class=\"lp-card\">\n                    <a href=\"https:\/\/lisbonproperty.com\/es\/portugal\/norte-de-portugal\/\">\n                                                    <img src=\"https:\/\/lisbonproperty.com\/es\/wp-content\/uploads\/2026\/01\/north-region-portugal-map-430x293.jpg\" srcset=\"https:\/\/lisbonproperty.com\/es\/wp-content\/uploads\/2026\/01\/north-region-portugal-map-430x293.jpg 1x, https:\/\/lisbonproperty.com\/es\/wp-content\/uploads\/2026\/01\/north-region-portugal-map-880x586.jpg 2x\" sizes=\"(max-width: 480px) 100vw, 430px\" width=\"430\" height=\"293\" class=\"lp-card-thumb\" alt=\"Norte de Portugal\" loading=\"lazy\" decoding=\"async\">                                                <h3>Norte de Portugal<\/h3>\n                    <\/a>\n                <\/article>\n                            <article class=\"lp-card\">\n                    <a href=\"https:\/\/lisbonproperty.com\/es\/portugal\/algarve\/\">\n                                                    <img src=\"https:\/\/lisbonproperty.com\/es\/wp-content\/uploads\/2026\/01\/algarve-region-portugal-map-430x293.jpg\" srcset=\"https:\/\/lisbonproperty.com\/es\/wp-content\/uploads\/2026\/01\/algarve-region-portugal-map-430x293.jpg 1x, https:\/\/lisbonproperty.com\/es\/wp-content\/uploads\/2026\/01\/algarve-region-portugal-map-880x586.jpg 2x\" sizes=\"(max-width: 480px) 100vw, 430px\" width=\"430\" height=\"293\" class=\"lp-card-thumb\" alt=\"Algarve\" loading=\"lazy\" decoding=\"async\">                                                <h3>Algarve<\/h3>\n                    <\/a>\n                <\/article>\n                            <article class=\"lp-card\">\n                    <a href=\"https:\/\/lisbonproperty.com\/es\/portugal\/alentejo\/\">\n                                                    <img src=\"https:\/\/lisbonproperty.com\/es\/wp-content\/uploads\/2026\/01\/alentejo-region-portugal-map-430x293.jpg\" srcset=\"https:\/\/lisbonproperty.com\/es\/wp-content\/uploads\/2026\/01\/alentejo-region-portugal-map-430x293.jpg 1x, https:\/\/lisbonproperty.com\/es\/wp-content\/uploads\/2026\/01\/alentejo-region-portugal-map-880x586.jpg 2x\" sizes=\"(max-width: 480px) 100vw, 430px\" width=\"430\" height=\"293\" class=\"lp-card-thumb\" alt=\"Alentejo\" loading=\"lazy\" decoding=\"async\">                                                <h3>Alentejo<\/h3>\n                    <\/a>\n                <\/article>\n                            <article class=\"lp-card\">\n                    <a href=\"https:\/\/lisbonproperty.com\/es\/portugal\/madeira\/\">\n                                                    <img src=\"https:\/\/lisbonproperty.com\/es\/wp-content\/uploads\/2026\/01\/01-town-and-roads-madeira-portugal-map-430x293.jpg\" srcset=\"https:\/\/lisbonproperty.com\/es\/wp-content\/uploads\/2026\/01\/01-town-and-roads-madeira-portugal-map-430x293.jpg 1x, https:\/\/lisbonproperty.com\/es\/wp-content\/uploads\/2026\/01\/01-town-and-roads-madeira-portugal-map-880x586.jpg 2x\" sizes=\"(max-width: 480px) 100vw, 430px\" width=\"430\" height=\"293\" class=\"lp-card-thumb\" alt=\"Islas Madeira &bull; Introducci\u00f3n y mapas\" loading=\"lazy\" decoding=\"async\">                                                <h3>Islas Madeira &bull; Introducci\u00f3n y mapas<\/h3>\n                    <\/a>\n                <\/article>\n                            <article class=\"lp-card\">\n                    <a href=\"https:\/\/lisbonproperty.com\/es\/portugal\/azores\/\">\n                                                    <img src=\"https:\/\/lisbonproperty.com\/es\/wp-content\/uploads\/2024\/01\/azores-portugal-430x293.jpg\" srcset=\"https:\/\/lisbonproperty.com\/es\/wp-content\/uploads\/2024\/01\/azores-portugal-430x293.jpg 1x, https:\/\/lisbonproperty.com\/es\/wp-content\/uploads\/2024\/01\/azores-portugal-880x586.jpg 2x\" sizes=\"(max-width: 480px) 100vw, 430px\" width=\"430\" height=\"293\" class=\"lp-card-thumb\" alt=\"Azores\" loading=\"lazy\" decoding=\"async\">                                                <h3>Azores<\/h3>\n                    <\/a>\n                <\/article>\n                    <\/div>\n    <\/section>\n\n\n","protected":false},"featured_media":639,"parent":0,"menu_order":0,"template":"","meta":[],"class_list":["post-638","portugal","type-portugal","status-publish","has-post-thumbnail","hentry"],"_links":{"self":[{"href":"https:\/\/lisbonproperty.com\/es\/wp-json\/wp\/v2\/portugal\/638","targetHints":{"allow":["GET"]}}],"collection":[{"href":"https:\/\/lisbonproperty.com\/es\/wp-json\/wp\/v2\/portugal"}],"about":[{"href":"https:\/\/lisbonproperty.com\/es\/wp-json\/wp\/v2\/types\/portugal"}],"wp:featuredmedia":[{"embeddable":true,"href":"https:\/\/lisbonproperty.com\/es\/wp-json\/wp\/v2\/media\/639"}],"wp:attachment":[{"href":"https:\/\/lisbonproperty.com\/es\/wp-json\/wp\/v2\/media?parent=638"}],"curies":[{"name":"wp","href":"https:\/\/api.w.org\/{rel}","templated":true}]}}